{"version":"1.0","provider_name":"Vandra V\u00e4gen","provider_url":"https:\/\/blogg.svenskakyrkan.se\/vandravagen","author_name":"Tomas Jarvid","author_url":"https:\/\/blogg.svenskakyrkan.se\/vandravagen\/author\/vandravagen\/","title":"Det FANTASTISKA med det religi\u00f6sa spr\u00e5ket - Vandra V\u00e4gen","type":"rich","width":600,"height":338,"html":"<blockquote class=\"wp-embedded-content\" data-secret=\"vC5irzrZny\"><a href=\"https:\/\/blogg.svenskakyrkan.se\/vandravagen\/2013\/12\/20\/det-fantastiska-med-det-religiosa-spraket\/\">Det FANTASTISKA med det religi\u00f6sa spr\u00e5ket<\/a><\/blockquote><iframe sandbox=\"allow-scripts\" security=\"restricted\" src=\"https:\/\/blogg.svenskakyrkan.se\/vandravagen\/2013\/12\/20\/det-fantastiska-med-det-religiosa-spraket\/embed\/#?secret=vC5irzrZny\" width=\"600\" height=\"338\" title=\"\u201dDet FANTASTISKA med det religi\u00f6sa spr\u00e5ket\u201d &ndash; Vandra V\u00e4gen\" data-secret=\"vC5irzrZny\" frameborder=\"0\" marginwidth=\"0\" marginheight=\"0\" scrolling=\"no\" class=\"wp-embedded-content\"><\/iframe><script type=\"text\/javascript\">\n\/* <![CDATA[ *\/\n\/*! This file is auto-generated *\/\n!function(d,l){\"use strict\";l.querySelector&&d.addEventListener&&\"undefined\"!=typeof URL&&(d.wp=d.wp||{},d.wp.receiveEmbedMessage||(d.wp.receiveEmbedMessage=function(e){var t=e.data;if((t||t.secret||t.message||t.value)&&!\/[^a-zA-Z0-9]\/.test(t.secret)){for(var s,r,n,a=l.querySelectorAll('iframe[data-secret=\"'+t.secret+'\"]'),o=l.querySelectorAll('blockquote[data-secret=\"'+t.secret+'\"]'),c=new RegExp(\"^https?:$\",\"i\"),i=0;i<o.length;i++)o[i].style.display=\"none\";for(i=0;i<a.length;i++)s=a[i],e.source===s.contentWindow&&(s.removeAttribute(\"style\"),\"height\"===t.message?(1e3<(r=parseInt(t.value,10))?r=1e3:~~r<200&&(r=200),s.height=r):\"link\"===t.message&&(r=new URL(s.getAttribute(\"src\")),n=new URL(t.value),c.test(n.protocol))&&n.host===r.host&&l.activeElement===s&&(d.top.location.href=t.value))}},d.addEventListener(\"message\",d.wp.receiveEmbedMessage,!1),l.addEventListener(\"DOMContentLoaded\",function(){for(var e,t,s=l.querySelectorAll(\"iframe.wp-embedded-content\"),r=0;r<s.length;r++)(t=(e=s[r]).getAttribute(\"data-secret\"))||(t=Math.random().toString(36).substring(2,12),e.src+=\"#?secret=\"+t,e.setAttribute(\"data-secret\",t)),e.contentWindow.postMessage({message:\"ready\",secret:t},\"*\")},!1)))}(window,document);\n\/\/# sourceURL=https:\/\/blogg.svenskakyrkan.se\/vandravagen\/wp-includes\/js\/wp-embed.min.js\n\/* ]]> *\/\n<\/script>\n","description":"Det kan vara sv\u00e5rt att l\u00e4ra sig spr\u00e5ket! Det religi\u00f6sa spr\u00e5ket beskrivs ofta som n\u00e5got som \u00e4r mest \u00e4r till besv\u00e4r. De traditionella orden kring den kristna tron \u00e4r ovana f\u00f6r m\u00e5nga och m\u00e5nga har sv\u00e5rt att f\u00e5 ihop dem med sina erfarenheter av det gudomliga. S\u00e5 s\u00e4gs det och jag tror s\u00e4kert det ligger [&hellip;]","thumbnail_url":"http:\/\/1.bp.blogspot.com\/-DgVjfaMifpI\/UrRqhJbxlqI\/AAAAAAAAGSg\/xtn2x8xw-RA\/s1600\/IMG_2442.JPG"}