{"version":"1.0","provider_name":"Vandra V\u00e4gen","provider_url":"https:\/\/blogg.svenskakyrkan.se\/vandravagen","author_name":"Tomas Jarvid","author_url":"https:\/\/blogg.svenskakyrkan.se\/vandravagen\/author\/vandravagen\/","title":"Hur l\u00e4r man sig det religi\u00f6sa spr\u00e5ket d\u00e5? - Vandra V\u00e4gen","type":"rich","width":600,"height":338,"html":"<blockquote class=\"wp-embedded-content\" data-secret=\"gVTHKznHmz\"><a href=\"https:\/\/blogg.svenskakyrkan.se\/vandravagen\/2013\/12\/21\/hur-lar-man-sig-det-religiosa-spraket-da\/\">Hur l\u00e4r man sig det religi\u00f6sa spr\u00e5ket d\u00e5?<\/a><\/blockquote><iframe sandbox=\"allow-scripts\" security=\"restricted\" src=\"https:\/\/blogg.svenskakyrkan.se\/vandravagen\/2013\/12\/21\/hur-lar-man-sig-det-religiosa-spraket-da\/embed\/#?secret=gVTHKznHmz\" width=\"600\" height=\"338\" title=\"\u201dHur l\u00e4r man sig det religi\u00f6sa spr\u00e5ket d\u00e5?\u201d &ndash; Vandra V\u00e4gen\" data-secret=\"gVTHKznHmz\" frameborder=\"0\" marginwidth=\"0\" marginheight=\"0\" scrolling=\"no\" class=\"wp-embedded-content\"><\/iframe><script type=\"text\/javascript\">\n\/* <![CDATA[ *\/\n\/*! This file is auto-generated *\/\n!function(d,l){\"use strict\";l.querySelector&&d.addEventListener&&\"undefined\"!=typeof URL&&(d.wp=d.wp||{},d.wp.receiveEmbedMessage||(d.wp.receiveEmbedMessage=function(e){var t=e.data;if((t||t.secret||t.message||t.value)&&!\/[^a-zA-Z0-9]\/.test(t.secret)){for(var s,r,n,a=l.querySelectorAll('iframe[data-secret=\"'+t.secret+'\"]'),o=l.querySelectorAll('blockquote[data-secret=\"'+t.secret+'\"]'),c=new RegExp(\"^https?:$\",\"i\"),i=0;i<o.length;i++)o[i].style.display=\"none\";for(i=0;i<a.length;i++)s=a[i],e.source===s.contentWindow&&(s.removeAttribute(\"style\"),\"height\"===t.message?(1e3<(r=parseInt(t.value,10))?r=1e3:~~r<200&&(r=200),s.height=r):\"link\"===t.message&&(r=new URL(s.getAttribute(\"src\")),n=new URL(t.value),c.test(n.protocol))&&n.host===r.host&&l.activeElement===s&&(d.top.location.href=t.value))}},d.addEventListener(\"message\",d.wp.receiveEmbedMessage,!1),l.addEventListener(\"DOMContentLoaded\",function(){for(var e,t,s=l.querySelectorAll(\"iframe.wp-embedded-content\"),r=0;r<s.length;r++)(t=(e=s[r]).getAttribute(\"data-secret\"))||(t=Math.random().toString(36).substring(2,12),e.src+=\"#?secret=\"+t,e.setAttribute(\"data-secret\",t)),e.contentWindow.postMessage({message:\"ready\",secret:t},\"*\")},!1)))}(window,document);\n\/\/# sourceURL=https:\/\/blogg.svenskakyrkan.se\/vandravagen\/wp-includes\/js\/wp-embed.min.js\n\/* ]]> *\/\n<\/script>\n","description":"Foto fr\u00e5n ett \u00e5r sen. R\u00e4tt snyggt? Jag fick svar p\u00e5 g\u00e5rdagens inl\u00e4gg om DET FANTASTISKA med det religi\u00f6sa spr\u00e5ket (det d\u00e4r h\u00f6r man inte f\u00f6r ofta va?). Pr\u00e4sten Johan Danz skrev ett eget blogginl\u00e4gg om varifr\u00e5n man kan f\u00e5 ett s\u00e5dant spr\u00e5k. Roligt, det k\u00e4nns som att jag \u00e4r med i en s\u00e5n d\u00e4r [&hellip;]","thumbnail_url":"http:\/\/2.bp.blogspot.com\/-FvbCzmeln3U\/UrXRiH5cjzI\/AAAAAAAAGTA\/jJvQWHhcfoU\/s1600\/IMG_2430.JPG"}