{"version":"1.0","provider_name":"Vandra V\u00e4gen","provider_url":"https:\/\/blogg.svenskakyrkan.se\/vandravagen","author_name":"Tomas Jarvid","author_url":"https:\/\/blogg.svenskakyrkan.se\/vandravagen\/author\/vandravagen\/","title":"Betlehem i Ledsj\u00f6 och ditt och mitt hj\u00e4rta - Vandra V\u00e4gen","type":"rich","width":600,"height":338,"html":"<blockquote class=\"wp-embedded-content\" data-secret=\"2fj6pJEuY9\"><a href=\"https:\/\/blogg.svenskakyrkan.se\/vandravagen\/2013\/12\/25\/betlehem-i-ledsjo-och-ditt-och-mitt-hjarta\/\">Betlehem i Ledsj\u00f6 och ditt och mitt hj\u00e4rta<\/a><\/blockquote><iframe sandbox=\"allow-scripts\" security=\"restricted\" src=\"https:\/\/blogg.svenskakyrkan.se\/vandravagen\/2013\/12\/25\/betlehem-i-ledsjo-och-ditt-och-mitt-hjarta\/embed\/#?secret=2fj6pJEuY9\" width=\"600\" height=\"338\" title=\"\u201dBetlehem i Ledsj\u00f6 och ditt och mitt hj\u00e4rta\u201d &ndash; Vandra V\u00e4gen\" data-secret=\"2fj6pJEuY9\" frameborder=\"0\" marginwidth=\"0\" marginheight=\"0\" scrolling=\"no\" class=\"wp-embedded-content\"><\/iframe><script type=\"text\/javascript\">\n\/* <![CDATA[ *\/\n\/*! This file is auto-generated *\/\n!function(d,l){\"use strict\";l.querySelector&&d.addEventListener&&\"undefined\"!=typeof URL&&(d.wp=d.wp||{},d.wp.receiveEmbedMessage||(d.wp.receiveEmbedMessage=function(e){var t=e.data;if((t||t.secret||t.message||t.value)&&!\/[^a-zA-Z0-9]\/.test(t.secret)){for(var s,r,n,a=l.querySelectorAll('iframe[data-secret=\"'+t.secret+'\"]'),o=l.querySelectorAll('blockquote[data-secret=\"'+t.secret+'\"]'),c=new RegExp(\"^https?:$\",\"i\"),i=0;i<o.length;i++)o[i].style.display=\"none\";for(i=0;i<a.length;i++)s=a[i],e.source===s.contentWindow&&(s.removeAttribute(\"style\"),\"height\"===t.message?(1e3<(r=parseInt(t.value,10))?r=1e3:~~r<200&&(r=200),s.height=r):\"link\"===t.message&&(r=new URL(s.getAttribute(\"src\")),n=new URL(t.value),c.test(n.protocol))&&n.host===r.host&&l.activeElement===s&&(d.top.location.href=t.value))}},d.addEventListener(\"message\",d.wp.receiveEmbedMessage,!1),l.addEventListener(\"DOMContentLoaded\",function(){for(var e,t,s=l.querySelectorAll(\"iframe.wp-embedded-content\"),r=0;r<s.length;r++)(t=(e=s[r]).getAttribute(\"data-secret\"))||(t=Math.random().toString(36).substring(2,12),e.src+=\"#?secret=\"+t,e.setAttribute(\"data-secret\",t)),e.contentWindow.postMessage({message:\"ready\",secret:t},\"*\")},!1)))}(window,document);\n\/\/# sourceURL=https:\/\/blogg.svenskakyrkan.se\/vandravagen\/wp-includes\/js\/wp-embed.min.js\n\/* ]]> *\/\n<\/script>\n","description":"Nyf\u00f6dd flodh\u00e4st med sin mamma! Jag \u00f6nskar dig en god och v\u00e4lsignad jul! I natt predikade jag p\u00e5 julnattsgudstj\u00e4nsten i Ledsj\u00f6 och h\u00e4r \u00e4r nu det jag sade. F\u00f6rst en liten spelare att klicka p\u00e5, sedan text f\u00f6r den som f\u00f6redrar det. Det g\u00e5r ocks\u00e5 bra att ladda ner ljudfilen fr\u00e5n spelaren, fr\u00e5n sondaghelaveckan.se eller [&hellip;]","thumbnail_url":"http:\/\/2.bp.blogspot.com\/-olLPkxB4Fs0\/UrqwFbWpCGI\/AAAAAAAAGUA\/kJ5vd9x4MpA\/s1600\/IMG_2557.JPG"}