{"version":"1.0","provider_name":"Vandra V\u00e4gen","provider_url":"https:\/\/blogg.svenskakyrkan.se\/vandravagen","author_name":"Tomas Jarvid","author_url":"https:\/\/blogg.svenskakyrkan.se\/vandravagen\/author\/vandravagen\/","title":"Syndaren straffar sig sj\u00e4lv - Vandra V\u00e4gen","type":"rich","width":600,"height":338,"html":"<blockquote class=\"wp-embedded-content\" data-secret=\"tlYST3MzJv\"><a href=\"https:\/\/blogg.svenskakyrkan.se\/vandravagen\/2014\/01\/11\/syndaren-straffar-sig-sjalv\/\">Syndaren straffar sig sj\u00e4lv<\/a><\/blockquote><iframe sandbox=\"allow-scripts\" security=\"restricted\" src=\"https:\/\/blogg.svenskakyrkan.se\/vandravagen\/2014\/01\/11\/syndaren-straffar-sig-sjalv\/embed\/#?secret=tlYST3MzJv\" width=\"600\" height=\"338\" title=\"\u201dSyndaren straffar sig sj\u00e4lv\u201d &ndash; Vandra V\u00e4gen\" data-secret=\"tlYST3MzJv\" frameborder=\"0\" marginwidth=\"0\" marginheight=\"0\" scrolling=\"no\" class=\"wp-embedded-content\"><\/iframe><script type=\"text\/javascript\">\n\/* <![CDATA[ *\/\n\/*! This file is auto-generated *\/\n!function(d,l){\"use strict\";l.querySelector&&d.addEventListener&&\"undefined\"!=typeof URL&&(d.wp=d.wp||{},d.wp.receiveEmbedMessage||(d.wp.receiveEmbedMessage=function(e){var t=e.data;if((t||t.secret||t.message||t.value)&&!\/[^a-zA-Z0-9]\/.test(t.secret)){for(var s,r,n,a=l.querySelectorAll('iframe[data-secret=\"'+t.secret+'\"]'),o=l.querySelectorAll('blockquote[data-secret=\"'+t.secret+'\"]'),c=new RegExp(\"^https?:$\",\"i\"),i=0;i<o.length;i++)o[i].style.display=\"none\";for(i=0;i<a.length;i++)s=a[i],e.source===s.contentWindow&&(s.removeAttribute(\"style\"),\"height\"===t.message?(1e3<(r=parseInt(t.value,10))?r=1e3:~~r<200&&(r=200),s.height=r):\"link\"===t.message&&(r=new URL(s.getAttribute(\"src\")),n=new URL(t.value),c.test(n.protocol))&&n.host===r.host&&l.activeElement===s&&(d.top.location.href=t.value))}},d.addEventListener(\"message\",d.wp.receiveEmbedMessage,!1),l.addEventListener(\"DOMContentLoaded\",function(){for(var e,t,s=l.querySelectorAll(\"iframe.wp-embedded-content\"),r=0;r<s.length;r++)(t=(e=s[r]).getAttribute(\"data-secret\"))||(t=Math.random().toString(36).substring(2,12),e.src+=\"#?secret=\"+t,e.setAttribute(\"data-secret\",t)),e.contentWindow.postMessage({message:\"ready\",secret:t},\"*\")},!1)))}(window,document);\n\/\/# sourceURL=https:\/\/blogg.svenskakyrkan.se\/vandravagen\/wp-includes\/js\/wp-embed.min.js\n\/* ]]> *\/\n<\/script>\n","description":"Ett r\u00f6kande barn och en h\u00f6na. Vad s\u00e4ger det om synd? Jag har skrivit en del om ordet &#8221;synd&#8221; h\u00e4r p\u00e5 Vandra V\u00e4gen. Jag brukar f\u00f6rs\u00f6ka jobba p\u00e5 att rehabilitera ordet s\u00e5 att vi kan anv\u00e4nda det igen. Jag tror att vi beh\u00f6ver det f\u00f6r det \u00e4r sv\u00e5rt att byta ut det mot n\u00e5got annat. [&hellip;]","thumbnail_url":"http:\/\/1.bp.blogspot.com\/-7eXmIyzy8Yk\/UtDdfHEEv7I\/AAAAAAAAGlk\/6TY6ZyF387I\/s1600\/IMG_2589.JPG"}