{"version":"1.0","provider_name":"Vandra V\u00e4gen","provider_url":"https:\/\/blogg.svenskakyrkan.se\/vandravagen","author_name":"Tomas Jarvid","author_url":"https:\/\/blogg.svenskakyrkan.se\/vandravagen\/author\/vandravagen\/","title":"V\u00e5r katt och sankta Felicitas - Vandra V\u00e4gen","type":"rich","width":600,"height":338,"html":"<blockquote class=\"wp-embedded-content\" data-secret=\"7f8XZJ24Rg\"><a href=\"https:\/\/blogg.svenskakyrkan.se\/vandravagen\/2014\/03\/07\/var-katt-och-sankta-felicitas\/\">V\u00e5r katt och sankta Felicitas<\/a><\/blockquote><iframe sandbox=\"allow-scripts\" security=\"restricted\" src=\"https:\/\/blogg.svenskakyrkan.se\/vandravagen\/2014\/03\/07\/var-katt-och-sankta-felicitas\/embed\/#?secret=7f8XZJ24Rg\" width=\"600\" height=\"338\" title=\"\u201dV\u00e5r katt och sankta Felicitas\u201d &ndash; Vandra V\u00e4gen\" data-secret=\"7f8XZJ24Rg\" frameborder=\"0\" marginwidth=\"0\" marginheight=\"0\" scrolling=\"no\" class=\"wp-embedded-content\"><\/iframe><script type=\"text\/javascript\">\n\/* <![CDATA[ *\/\n\/*! This file is auto-generated *\/\n!function(d,l){\"use strict\";l.querySelector&&d.addEventListener&&\"undefined\"!=typeof URL&&(d.wp=d.wp||{},d.wp.receiveEmbedMessage||(d.wp.receiveEmbedMessage=function(e){var t=e.data;if((t||t.secret||t.message||t.value)&&!\/[^a-zA-Z0-9]\/.test(t.secret)){for(var s,r,n,a=l.querySelectorAll('iframe[data-secret=\"'+t.secret+'\"]'),o=l.querySelectorAll('blockquote[data-secret=\"'+t.secret+'\"]'),c=new RegExp(\"^https?:$\",\"i\"),i=0;i<o.length;i++)o[i].style.display=\"none\";for(i=0;i<a.length;i++)s=a[i],e.source===s.contentWindow&&(s.removeAttribute(\"style\"),\"height\"===t.message?(1e3<(r=parseInt(t.value,10))?r=1e3:~~r<200&&(r=200),s.height=r):\"link\"===t.message&&(r=new URL(s.getAttribute(\"src\")),n=new URL(t.value),c.test(n.protocol))&&n.host===r.host&&l.activeElement===s&&(d.top.location.href=t.value))}},d.addEventListener(\"message\",d.wp.receiveEmbedMessage,!1),l.addEventListener(\"DOMContentLoaded\",function(){for(var e,t,s=l.querySelectorAll(\"iframe.wp-embedded-content\"),r=0;r<s.length;r++)(t=(e=s[r]).getAttribute(\"data-secret\"))||(t=Math.random().toString(36).substring(2,12),e.src+=\"#?secret=\"+t,e.setAttribute(\"data-secret\",t)),e.contentWindow.postMessage({message:\"ready\",secret:t},\"*\")},!1)))}(window,document);\n\/\/# sourceURL=https:\/\/blogg.svenskakyrkan.se\/vandravagen\/wp-includes\/js\/wp-embed.min.js\n\/* ]]> *\/\n<\/script>\n","description":"Felis katt av Husaby Idag, den 7e mars \u00e4r det de kvinnliga martyrerna Perpetua och Felicitas dag enligt den katolska helgonkalendern. De dog som martyrer under en f\u00f6rf\u00f6ljelse denna dag \u00e5r 202. Perpetua var en rik kvinna och Felicitas hennes slav, men de f\u00f6renades av sin kristna tro s\u00e5 att de mer blev som syskon. [&hellip;]","thumbnail_url":"http:\/\/2.bp.blogspot.com\/-LL5YjnXJWtQ\/T1efOnnHFdI\/AAAAAAAAAGQ\/yhbshOnihBA\/s320\/P5150039.JPG"}