{"version":"1.0","provider_name":"Vandra V\u00e4gen","provider_url":"https:\/\/blogg.svenskakyrkan.se\/vandravagen","author_name":"Tomas Jarvid","author_url":"https:\/\/blogg.svenskakyrkan.se\/vandravagen\/author\/vandravagen\/","title":"Veckans samlade favoriter fr\u00e5n twitter - Vandra V\u00e4gen","type":"rich","width":600,"height":338,"html":"<blockquote class=\"wp-embedded-content\" data-secret=\"O3KGKUHyHZ\"><a href=\"https:\/\/blogg.svenskakyrkan.se\/vandravagen\/2014\/03\/13\/veckans-samlade-favoriter-fran-twitter\/\">Veckans samlade favoriter fr\u00e5n twitter<\/a><\/blockquote><iframe sandbox=\"allow-scripts\" security=\"restricted\" src=\"https:\/\/blogg.svenskakyrkan.se\/vandravagen\/2014\/03\/13\/veckans-samlade-favoriter-fran-twitter\/embed\/#?secret=O3KGKUHyHZ\" width=\"600\" height=\"338\" title=\"\u201dVeckans samlade favoriter fr\u00e5n twitter\u201d &ndash; Vandra V\u00e4gen\" data-secret=\"O3KGKUHyHZ\" frameborder=\"0\" marginwidth=\"0\" marginheight=\"0\" scrolling=\"no\" class=\"wp-embedded-content\"><\/iframe><script type=\"text\/javascript\">\n\/* <![CDATA[ *\/\n\/*! This file is auto-generated *\/\n!function(d,l){\"use strict\";l.querySelector&&d.addEventListener&&\"undefined\"!=typeof URL&&(d.wp=d.wp||{},d.wp.receiveEmbedMessage||(d.wp.receiveEmbedMessage=function(e){var t=e.data;if((t||t.secret||t.message||t.value)&&!\/[^a-zA-Z0-9]\/.test(t.secret)){for(var s,r,n,a=l.querySelectorAll('iframe[data-secret=\"'+t.secret+'\"]'),o=l.querySelectorAll('blockquote[data-secret=\"'+t.secret+'\"]'),c=new RegExp(\"^https?:$\",\"i\"),i=0;i<o.length;i++)o[i].style.display=\"none\";for(i=0;i<a.length;i++)s=a[i],e.source===s.contentWindow&&(s.removeAttribute(\"style\"),\"height\"===t.message?(1e3<(r=parseInt(t.value,10))?r=1e3:~~r<200&&(r=200),s.height=r):\"link\"===t.message&&(r=new URL(s.getAttribute(\"src\")),n=new URL(t.value),c.test(n.protocol))&&n.host===r.host&&l.activeElement===s&&(d.top.location.href=t.value))}},d.addEventListener(\"message\",d.wp.receiveEmbedMessage,!1),l.addEventListener(\"DOMContentLoaded\",function(){for(var e,t,s=l.querySelectorAll(\"iframe.wp-embedded-content\"),r=0;r<s.length;r++)(t=(e=s[r]).getAttribute(\"data-secret\"))||(t=Math.random().toString(36).substring(2,12),e.src+=\"#?secret=\"+t,e.setAttribute(\"data-secret\",t)),e.contentWindow.postMessage({message:\"ready\",secret:t},\"*\")},!1)))}(window,document);\n\/\/# sourceURL=https:\/\/blogg.svenskakyrkan.se\/vandravagen\/wp-includes\/js\/wp-embed.min.js\n\/* ]]> *\/\n<\/script>\n","description":"En stor och r\u00f6d svamp i skogen. Ville bara visa den f\u00f6r jag tycker den \u00e4r h\u00e4ftig! En st\u00e5ende punkt p\u00e5 Vandra V\u00e4gen \u00e4r favorittweetsen. Det vet du f\u00f6rst\u00e5s om du f\u00f6ljt bloggen l\u00e4nge men det kommer ju en del nya l\u00e4sare nu i och med #blogg100-utmaningen s\u00e5 jag skriver n\u00e5got om det \u00e4nd\u00e5. Det [&hellip;]","thumbnail_url":"http:\/\/1.bp.blogspot.com\/-iGFAKpj2j6I\/UyDTSsxKiSI\/AAAAAAAAHKk\/GihtaQArEgs\/s1600\/svamp.jpg"}