{"version":"1.0","provider_name":"Vandra V\u00e4gen","provider_url":"https:\/\/blogg.svenskakyrkan.se\/vandravagen","author_name":"Tomas Jarvid","author_url":"https:\/\/blogg.svenskakyrkan.se\/vandravagen\/author\/vandravagen\/","title":"Vad \u00e4r frihet? - Vandra V\u00e4gen","type":"rich","width":600,"height":338,"html":"<blockquote class=\"wp-embedded-content\" data-secret=\"5up2zavz6r\"><a href=\"https:\/\/blogg.svenskakyrkan.se\/vandravagen\/2014\/03\/31\/vad-ar-frihet\/\">Vad \u00e4r frihet?<\/a><\/blockquote><iframe sandbox=\"allow-scripts\" security=\"restricted\" src=\"https:\/\/blogg.svenskakyrkan.se\/vandravagen\/2014\/03\/31\/vad-ar-frihet\/embed\/#?secret=5up2zavz6r\" width=\"600\" height=\"338\" title=\"\u201dVad \u00e4r frihet?\u201d &ndash; Vandra V\u00e4gen\" data-secret=\"5up2zavz6r\" frameborder=\"0\" marginwidth=\"0\" marginheight=\"0\" scrolling=\"no\" class=\"wp-embedded-content\"><\/iframe><script type=\"text\/javascript\">\n\/* <![CDATA[ *\/\n\/*! This file is auto-generated *\/\n!function(d,l){\"use strict\";l.querySelector&&d.addEventListener&&\"undefined\"!=typeof URL&&(d.wp=d.wp||{},d.wp.receiveEmbedMessage||(d.wp.receiveEmbedMessage=function(e){var t=e.data;if((t||t.secret||t.message||t.value)&&!\/[^a-zA-Z0-9]\/.test(t.secret)){for(var s,r,n,a=l.querySelectorAll('iframe[data-secret=\"'+t.secret+'\"]'),o=l.querySelectorAll('blockquote[data-secret=\"'+t.secret+'\"]'),c=new RegExp(\"^https?:$\",\"i\"),i=0;i<o.length;i++)o[i].style.display=\"none\";for(i=0;i<a.length;i++)s=a[i],e.source===s.contentWindow&&(s.removeAttribute(\"style\"),\"height\"===t.message?(1e3<(r=parseInt(t.value,10))?r=1e3:~~r<200&&(r=200),s.height=r):\"link\"===t.message&&(r=new URL(s.getAttribute(\"src\")),n=new URL(t.value),c.test(n.protocol))&&n.host===r.host&&l.activeElement===s&&(d.top.location.href=t.value))}},d.addEventListener(\"message\",d.wp.receiveEmbedMessage,!1),l.addEventListener(\"DOMContentLoaded\",function(){for(var e,t,s=l.querySelectorAll(\"iframe.wp-embedded-content\"),r=0;r<s.length;r++)(t=(e=s[r]).getAttribute(\"data-secret\"))||(t=Math.random().toString(36).substring(2,12),e.src+=\"#?secret=\"+t,e.setAttribute(\"data-secret\",t)),e.contentWindow.postMessage({message:\"ready\",secret:t},\"*\")},!1)))}(window,document);\n\/\/# sourceURL=https:\/\/blogg.svenskakyrkan.se\/vandravagen\/wp-includes\/js\/wp-embed.min.js\n\/* ]]> *\/\n<\/script>\n","description":"Du, k\u00e4nner du dig inte r\u00e4tt begr\u00e4nsad av de d\u00e4r remmarna? Dags att bli mer obunden? N\u00e4r Carl Sj\u00f6gren avskedpredikade i Ulricehamn s\u00e5 anv\u00e4nde han bilden av en som skottar tak p\u00e5 vintern. F\u00f6r honom \u00e4r inte repet till skorstenen en begr\u00e4nsning av friheten utan tv\u00e4rtom n\u00e5got som ger frihet att r\u00f6ra sig fritt p\u00e5 [&hellip;]","thumbnail_url":"http:\/\/1.bp.blogspot.com\/-wcjchmbTK24\/UzkPBsgcYCI\/AAAAAAAAHQw\/nOcoXbZPCO4\/s1600\/IMG_3325.JPG"}