{"version":"1.0","provider_name":"Vandra V\u00e4gen","provider_url":"https:\/\/blogg.svenskakyrkan.se\/vandravagen","author_name":"Tomas Jarvid","author_url":"https:\/\/blogg.svenskakyrkan.se\/vandravagen\/author\/vandravagen\/","title":"Varf\u00f6r heter det sk\u00e4rtorsdag? - Vandra V\u00e4gen","type":"rich","width":600,"height":338,"html":"<blockquote class=\"wp-embedded-content\" data-secret=\"uP0qobkDTJ\"><a href=\"https:\/\/blogg.svenskakyrkan.se\/vandravagen\/2014\/04\/17\/varfor-heter-det-skartorsdag\/\">Varf\u00f6r heter det sk\u00e4rtorsdag?<\/a><\/blockquote><iframe sandbox=\"allow-scripts\" security=\"restricted\" src=\"https:\/\/blogg.svenskakyrkan.se\/vandravagen\/2014\/04\/17\/varfor-heter-det-skartorsdag\/embed\/#?secret=uP0qobkDTJ\" width=\"600\" height=\"338\" title=\"\u201dVarf\u00f6r heter det sk\u00e4rtorsdag?\u201d &ndash; Vandra V\u00e4gen\" data-secret=\"uP0qobkDTJ\" frameborder=\"0\" marginwidth=\"0\" marginheight=\"0\" scrolling=\"no\" class=\"wp-embedded-content\"><\/iframe><script type=\"text\/javascript\">\n\/* <![CDATA[ *\/\n\/*! This file is auto-generated *\/\n!function(d,l){\"use strict\";l.querySelector&&d.addEventListener&&\"undefined\"!=typeof URL&&(d.wp=d.wp||{},d.wp.receiveEmbedMessage||(d.wp.receiveEmbedMessage=function(e){var t=e.data;if((t||t.secret||t.message||t.value)&&!\/[^a-zA-Z0-9]\/.test(t.secret)){for(var s,r,n,a=l.querySelectorAll('iframe[data-secret=\"'+t.secret+'\"]'),o=l.querySelectorAll('blockquote[data-secret=\"'+t.secret+'\"]'),c=new RegExp(\"^https?:$\",\"i\"),i=0;i<o.length;i++)o[i].style.display=\"none\";for(i=0;i<a.length;i++)s=a[i],e.source===s.contentWindow&&(s.removeAttribute(\"style\"),\"height\"===t.message?(1e3<(r=parseInt(t.value,10))?r=1e3:~~r<200&&(r=200),s.height=r):\"link\"===t.message&&(r=new URL(s.getAttribute(\"src\")),n=new URL(t.value),c.test(n.protocol))&&n.host===r.host&&l.activeElement===s&&(d.top.location.href=t.value))}},d.addEventListener(\"message\",d.wp.receiveEmbedMessage,!1),l.addEventListener(\"DOMContentLoaded\",function(){for(var e,t,s=l.querySelectorAll(\"iframe.wp-embedded-content\"),r=0;r<s.length;r++)(t=(e=s[r]).getAttribute(\"data-secret\"))||(t=Math.random().toString(36).substring(2,12),e.src+=\"#?secret=\"+t,e.setAttribute(\"data-secret\",t)),e.contentWindow.postMessage({message:\"ready\",secret:t},\"*\")},!1)))}(window,document);\n\/\/# sourceURL=https:\/\/blogg.svenskakyrkan.se\/vandravagen\/wp-includes\/js\/wp-embed.min.js\n\/* ]]> *\/\n<\/script>\n","description":"Visst ser de r\u00e4tt ovilliga ut? Idag \u00e4r det sk\u00e4rtorsdagen. Varf\u00f6r heter dagen s\u00e5?Jag trodde l\u00e4nge att det var p\u00e5 grund av episoden i Getsemane tr\u00e4dg\u00e5rd d\u00e5 Petrus h\u00f6gg av ett \u00f6ra p\u00e5 en av \u00f6verstepr\u00e4stens tj\u00e4nare men s\u00e5 \u00e4r det inte. Det har inte heller n\u00e5got med f\u00e4rgen sk\u00e4r att g\u00f6ra.&#8221;Sk\u00e4r&#8221; har ist\u00e4llet med [&hellip;]","thumbnail_url":"http:\/\/4.bp.blogspot.com\/-53rSV0m1ez0\/U07oShsyvRI\/AAAAAAAAHVc\/Uzgd9YruO_8\/s1600\/14+DUCCIO+WASHING+OF+THE+FEET+THE.jpg"}