{"version":"1.0","provider_name":"Vandra V\u00e4gen","provider_url":"https:\/\/blogg.svenskakyrkan.se\/vandravagen","author_name":"Tomas Jarvid","author_url":"https:\/\/blogg.svenskakyrkan.se\/vandravagen\/author\/vandravagen\/","title":"N\u00e4r bruden sj\u00e4lv fick b\u00f6rja v\u00e4lja - Vandra V\u00e4gen","type":"rich","width":600,"height":338,"html":"<blockquote class=\"wp-embedded-content\" data-secret=\"aeLXKZo7Qj\"><a href=\"https:\/\/blogg.svenskakyrkan.se\/vandravagen\/2014\/04\/26\/nar-bruden-sjalv-fick-borja-valja\/\">N\u00e4r bruden sj\u00e4lv fick b\u00f6rja v\u00e4lja<\/a><\/blockquote><iframe sandbox=\"allow-scripts\" security=\"restricted\" src=\"https:\/\/blogg.svenskakyrkan.se\/vandravagen\/2014\/04\/26\/nar-bruden-sjalv-fick-borja-valja\/embed\/#?secret=aeLXKZo7Qj\" width=\"600\" height=\"338\" title=\"\u201dN\u00e4r bruden sj\u00e4lv fick b\u00f6rja v\u00e4lja\u201d &ndash; Vandra V\u00e4gen\" data-secret=\"aeLXKZo7Qj\" frameborder=\"0\" marginwidth=\"0\" marginheight=\"0\" scrolling=\"no\" class=\"wp-embedded-content\"><\/iframe><script type=\"text\/javascript\">\n\/* <![CDATA[ *\/\n\/*! This file is auto-generated *\/\n!function(d,l){\"use strict\";l.querySelector&&d.addEventListener&&\"undefined\"!=typeof URL&&(d.wp=d.wp||{},d.wp.receiveEmbedMessage||(d.wp.receiveEmbedMessage=function(e){var t=e.data;if((t||t.secret||t.message||t.value)&&!\/[^a-zA-Z0-9]\/.test(t.secret)){for(var s,r,n,a=l.querySelectorAll('iframe[data-secret=\"'+t.secret+'\"]'),o=l.querySelectorAll('blockquote[data-secret=\"'+t.secret+'\"]'),c=new RegExp(\"^https?:$\",\"i\"),i=0;i<o.length;i++)o[i].style.display=\"none\";for(i=0;i<a.length;i++)s=a[i],e.source===s.contentWindow&&(s.removeAttribute(\"style\"),\"height\"===t.message?(1e3<(r=parseInt(t.value,10))?r=1e3:~~r<200&&(r=200),s.height=r):\"link\"===t.message&&(r=new URL(s.getAttribute(\"src\")),n=new URL(t.value),c.test(n.protocol))&&n.host===r.host&&l.activeElement===s&&(d.top.location.href=t.value))}},d.addEventListener(\"message\",d.wp.receiveEmbedMessage,!1),l.addEventListener(\"DOMContentLoaded\",function(){for(var e,t,s=l.querySelectorAll(\"iframe.wp-embedded-content\"),r=0;r<s.length;r++)(t=(e=s[r]).getAttribute(\"data-secret\"))||(t=Math.random().toString(36).substring(2,12),e.src+=\"#?secret=\"+t,e.setAttribute(\"data-secret\",t)),e.contentWindow.postMessage({message:\"ready\",secret:t},\"*\")},!1)))}(window,document);\n\/\/# sourceURL=https:\/\/blogg.svenskakyrkan.se\/vandravagen\/wp-includes\/js\/wp-embed.min.js\n\/* ]]> *\/\n<\/script>\n","description":"Br\u00f6llop i kyrkan. Mellan tv\u00e5 j\u00e4mlikar. Idag \u00e4r det n\u00e5gons br\u00f6llopsdag! S\u00e5 brukar jag som pr\u00e4st, lite f\u00f6rundrat, t\u00e4nka n\u00e4r jag \u00e4r p\u00e5 v\u00e4g till en vigsel. F\u00f6r ett par m\u00e4nniskor \u00e4r detta en av livets st\u00f6rsta dagar och jag f\u00e5r vara med p\u00e5 ett h\u00f6rn. Det \u00e4r en stor \u00e4ra och gl\u00e4dje f\u00f6r mig. [&hellip;]","thumbnail_url":"http:\/\/4.bp.blogspot.com\/-B4pZsRZbioU\/U1s2ujpRDgI\/AAAAAAAAHYI\/WhMxqO_BzSc\/s1600\/brudpar.jpg"}