{"version":"1.0","provider_name":"Vandra V\u00e4gen","provider_url":"https:\/\/blogg.svenskakyrkan.se\/vandravagen","author_name":"Tomas Jarvid","author_url":"https:\/\/blogg.svenskakyrkan.se\/vandravagen\/author\/vandravagen\/","title":"N\u00e4r de kristna svek judarna f\u00f6rsta g\u00e5ngen - Vandra V\u00e4gen","type":"rich","width":600,"height":338,"html":"<blockquote class=\"wp-embedded-content\" data-secret=\"L3Fw6IqcdJ\"><a href=\"https:\/\/blogg.svenskakyrkan.se\/vandravagen\/2015\/05\/28\/nar-de-kristna-svek-judarna-forsta-gangen\/\">N\u00e4r de kristna svek judarna f\u00f6rsta g\u00e5ngen<\/a><\/blockquote><iframe sandbox=\"allow-scripts\" security=\"restricted\" src=\"https:\/\/blogg.svenskakyrkan.se\/vandravagen\/2015\/05\/28\/nar-de-kristna-svek-judarna-forsta-gangen\/embed\/#?secret=L3Fw6IqcdJ\" width=\"600\" height=\"338\" title=\"\u201dN\u00e4r de kristna svek judarna f\u00f6rsta g\u00e5ngen\u201d &ndash; Vandra V\u00e4gen\" data-secret=\"L3Fw6IqcdJ\" frameborder=\"0\" marginwidth=\"0\" marginheight=\"0\" scrolling=\"no\" class=\"wp-embedded-content\"><\/iframe><script type=\"text\/javascript\">\n\/* <![CDATA[ *\/\n\/*! This file is auto-generated *\/\n!function(d,l){\"use strict\";l.querySelector&&d.addEventListener&&\"undefined\"!=typeof URL&&(d.wp=d.wp||{},d.wp.receiveEmbedMessage||(d.wp.receiveEmbedMessage=function(e){var t=e.data;if((t||t.secret||t.message||t.value)&&!\/[^a-zA-Z0-9]\/.test(t.secret)){for(var s,r,n,a=l.querySelectorAll('iframe[data-secret=\"'+t.secret+'\"]'),o=l.querySelectorAll('blockquote[data-secret=\"'+t.secret+'\"]'),c=new RegExp(\"^https?:$\",\"i\"),i=0;i<o.length;i++)o[i].style.display=\"none\";for(i=0;i<a.length;i++)s=a[i],e.source===s.contentWindow&&(s.removeAttribute(\"style\"),\"height\"===t.message?(1e3<(r=parseInt(t.value,10))?r=1e3:~~r<200&&(r=200),s.height=r):\"link\"===t.message&&(r=new URL(s.getAttribute(\"src\")),n=new URL(t.value),c.test(n.protocol))&&n.host===r.host&&l.activeElement===s&&(d.top.location.href=t.value))}},d.addEventListener(\"message\",d.wp.receiveEmbedMessage,!1),l.addEventListener(\"DOMContentLoaded\",function(){for(var e,t,s=l.querySelectorAll(\"iframe.wp-embedded-content\"),r=0;r<s.length;r++)(t=(e=s[r]).getAttribute(\"data-secret\"))||(t=Math.random().toString(36).substring(2,12),e.src+=\"#?secret=\"+t,e.setAttribute(\"data-secret\",t)),e.contentWindow.postMessage({message:\"ready\",secret:t},\"*\")},!1)))}(window,document);\n\/\/# sourceURL=https:\/\/blogg.svenskakyrkan.se\/vandravagen\/wp-includes\/js\/wp-embed.min.js\n\/* ]]> *\/\n<\/script>\n","description":"Jag forts\u00e4tter skriva om relationen mellan judar och kristna (jag b\u00f6rjade h\u00e4romdagen: &#8221;Guds b\u00e5da\u00a0folk?&#8221;). Jag lyssnade f\u00f6r en tid sedan p\u00e5 v\u00e5r stiftsteolog\u00a0Kamilla Skarstr\u00f6m\u00a0Hinojosa och fick l\u00e4ra mig nya saker om hur det gick till n\u00e4r relationen mellan judar och kristna f\u00f6rst gick \u00e5t skogen. I korta drag var det som f\u00f6ljer. Den tidiga kyrkan [&hellip;]","thumbnail_url":"http:\/\/blogg.svenskakyrkan.se\/vandravagen\/files\/2015\/05\/IMG_5539-1024x843.jpg"}