{"version":"1.0","provider_name":"Vandra V\u00e4gen","provider_url":"https:\/\/blogg.svenskakyrkan.se\/vandravagen","author_name":"Tomas Jarvid","author_url":"https:\/\/blogg.svenskakyrkan.se\/vandravagen\/author\/vandravagen\/","title":"Du ska inte bli en frommis - Vandra V\u00e4gen","type":"rich","width":600,"height":338,"html":"<blockquote class=\"wp-embedded-content\" data-secret=\"kdLu6Qphcl\"><a href=\"https:\/\/blogg.svenskakyrkan.se\/vandravagen\/2015\/05\/30\/du-ska-inte-bli-en-frommis\/\">Du ska inte bli en frommis<\/a><\/blockquote><iframe sandbox=\"allow-scripts\" security=\"restricted\" src=\"https:\/\/blogg.svenskakyrkan.se\/vandravagen\/2015\/05\/30\/du-ska-inte-bli-en-frommis\/embed\/#?secret=kdLu6Qphcl\" width=\"600\" height=\"338\" title=\"\u201dDu ska inte bli en frommis\u201d &ndash; Vandra V\u00e4gen\" data-secret=\"kdLu6Qphcl\" frameborder=\"0\" marginwidth=\"0\" marginheight=\"0\" scrolling=\"no\" class=\"wp-embedded-content\"><\/iframe><script type=\"text\/javascript\">\n\/* <![CDATA[ *\/\n\/*! This file is auto-generated *\/\n!function(d,l){\"use strict\";l.querySelector&&d.addEventListener&&\"undefined\"!=typeof URL&&(d.wp=d.wp||{},d.wp.receiveEmbedMessage||(d.wp.receiveEmbedMessage=function(e){var t=e.data;if((t||t.secret||t.message||t.value)&&!\/[^a-zA-Z0-9]\/.test(t.secret)){for(var s,r,n,a=l.querySelectorAll('iframe[data-secret=\"'+t.secret+'\"]'),o=l.querySelectorAll('blockquote[data-secret=\"'+t.secret+'\"]'),c=new RegExp(\"^https?:$\",\"i\"),i=0;i<o.length;i++)o[i].style.display=\"none\";for(i=0;i<a.length;i++)s=a[i],e.source===s.contentWindow&&(s.removeAttribute(\"style\"),\"height\"===t.message?(1e3<(r=parseInt(t.value,10))?r=1e3:~~r<200&&(r=200),s.height=r):\"link\"===t.message&&(r=new URL(s.getAttribute(\"src\")),n=new URL(t.value),c.test(n.protocol))&&n.host===r.host&&l.activeElement===s&&(d.top.location.href=t.value))}},d.addEventListener(\"message\",d.wp.receiveEmbedMessage,!1),l.addEventListener(\"DOMContentLoaded\",function(){for(var e,t,s=l.querySelectorAll(\"iframe.wp-embedded-content\"),r=0;r<s.length;r++)(t=(e=s[r]).getAttribute(\"data-secret\"))||(t=Math.random().toString(36).substring(2,12),e.src+=\"#?secret=\"+t,e.setAttribute(\"data-secret\",t)),e.contentWindow.postMessage({message:\"ready\",secret:t},\"*\")},!1)))}(window,document);\n\/\/# sourceURL=https:\/\/blogg.svenskakyrkan.se\/vandravagen\/wp-includes\/js\/wp-embed.min.js\n\/* ]]> *\/\n<\/script>\n","description":"P\u00e5 s\u00f6ndag \u00e4r det konfirmation. Som vanligt vid den h\u00e4r tiden funderar jag mycket p\u00e5 vad konfirmanderna f\u00e5tt med sig fr\u00e5n sin konfirmandtid. Realistiskt sett s\u00e5 vet jag ju att vi kommer se mycket lite av de flesta av dem fram\u00f6ver men ocks\u00e5 att konfirmandtiden \u00e4r v\u00e4ldigt betydelsefull f\u00f6r m\u00e5nga. Mest undrar jag om det [&hellip;]","thumbnail_url":"http:\/\/blogg.svenskakyrkan.se\/vandravagen\/files\/2015\/05\/IMG_5875.jpg"}