{"version":"1.0","provider_name":"Vandra V\u00e4gen","provider_url":"https:\/\/blogg.svenskakyrkan.se\/vandravagen","author_name":"Tomas Jarvid","author_url":"https:\/\/blogg.svenskakyrkan.se\/vandravagen\/author\/vandravagen\/","title":"B\u00f6n om perspektiv p\u00e5 livets korthet - Vandra V\u00e4gen","type":"rich","width":600,"height":338,"html":"<blockquote class=\"wp-embedded-content\" data-secret=\"4H9dL47O6X\"><a href=\"https:\/\/blogg.svenskakyrkan.se\/vandravagen\/2015\/06\/05\/bon-om-perspektiv-pa-livets-korthet\/\">B\u00f6n om perspektiv p\u00e5 livets korthet<\/a><\/blockquote><iframe sandbox=\"allow-scripts\" security=\"restricted\" src=\"https:\/\/blogg.svenskakyrkan.se\/vandravagen\/2015\/06\/05\/bon-om-perspektiv-pa-livets-korthet\/embed\/#?secret=4H9dL47O6X\" width=\"600\" height=\"338\" title=\"\u201dB\u00f6n om perspektiv p\u00e5 livets korthet\u201d &ndash; Vandra V\u00e4gen\" data-secret=\"4H9dL47O6X\" frameborder=\"0\" marginwidth=\"0\" marginheight=\"0\" scrolling=\"no\" class=\"wp-embedded-content\"><\/iframe><script type=\"text\/javascript\">\n\/* <![CDATA[ *\/\n\/*! This file is auto-generated *\/\n!function(d,l){\"use strict\";l.querySelector&&d.addEventListener&&\"undefined\"!=typeof URL&&(d.wp=d.wp||{},d.wp.receiveEmbedMessage||(d.wp.receiveEmbedMessage=function(e){var t=e.data;if((t||t.secret||t.message||t.value)&&!\/[^a-zA-Z0-9]\/.test(t.secret)){for(var s,r,n,a=l.querySelectorAll('iframe[data-secret=\"'+t.secret+'\"]'),o=l.querySelectorAll('blockquote[data-secret=\"'+t.secret+'\"]'),c=new RegExp(\"^https?:$\",\"i\"),i=0;i<o.length;i++)o[i].style.display=\"none\";for(i=0;i<a.length;i++)s=a[i],e.source===s.contentWindow&&(s.removeAttribute(\"style\"),\"height\"===t.message?(1e3<(r=parseInt(t.value,10))?r=1e3:~~r<200&&(r=200),s.height=r):\"link\"===t.message&&(r=new URL(s.getAttribute(\"src\")),n=new URL(t.value),c.test(n.protocol))&&n.host===r.host&&l.activeElement===s&&(d.top.location.href=t.value))}},d.addEventListener(\"message\",d.wp.receiveEmbedMessage,!1),l.addEventListener(\"DOMContentLoaded\",function(){for(var e,t,s=l.querySelectorAll(\"iframe.wp-embedded-content\"),r=0;r<s.length;r++)(t=(e=s[r]).getAttribute(\"data-secret\"))||(t=Math.random().toString(36).substring(2,12),e.src+=\"#?secret=\"+t,e.setAttribute(\"data-secret\",t)),e.contentWindow.postMessage({message:\"ready\",secret:t},\"*\")},!1)))}(window,document);\n\/\/# sourceURL=https:\/\/blogg.svenskakyrkan.se\/vandravagen\/wp-includes\/js\/wp-embed.min.js\n\/* ]]> *\/\n<\/script>\n","description":"Jag har kommit \u00f6ver en ny gammal b\u00f6nbok och h\u00e4mtar dagens fredagsb\u00f6n fr\u00e5n den. Den pr\u00e4glas av ganska \u00e5lderdomligt spr\u00e5k men framf\u00f6rallt av stycken fr\u00e5n bibeln. H\u00e4r finns ett g\u00f6mt citat fr\u00e5n psaltaren 90:12 och orden om &#8221;f\u00e5f\u00e4nglighet&#8221; och det br\u00e4ckliga i allt m\u00e4nskligt \u00e4r h\u00e4mtade fr\u00e5n boken&#8221;predikaren&#8221; i gamla testamentet som jag varmt rekommenderar [&hellip;]","thumbnail_url":"http:\/\/blogg.svenskakyrkan.se\/vandravagen\/files\/2015\/06\/20-DALI-49-VANITAS-VANITATUM.JPG.jpg"}