{"version":"1.0","provider_name":"Vandra V\u00e4gen","provider_url":"https:\/\/blogg.svenskakyrkan.se\/vandravagen","author_name":"Tomas Jarvid","author_url":"https:\/\/blogg.svenskakyrkan.se\/vandravagen\/author\/vandravagen\/","title":"\"Ve er ni kristna\" -om Jesus och faris\u00e9erna - Vandra V\u00e4gen","type":"rich","width":600,"height":338,"html":"<blockquote class=\"wp-embedded-content\" data-secret=\"vMcrkaPHuE\"><a href=\"https:\/\/blogg.svenskakyrkan.se\/vandravagen\/2015\/06\/24\/ve-er-ni-kristna-om-jesus-och-fariseerna\/\">&#8221;Ve er ni kristna&#8221; -om Jesus och faris\u00e9erna<\/a><\/blockquote><iframe sandbox=\"allow-scripts\" security=\"restricted\" src=\"https:\/\/blogg.svenskakyrkan.se\/vandravagen\/2015\/06\/24\/ve-er-ni-kristna-om-jesus-och-fariseerna\/embed\/#?secret=vMcrkaPHuE\" width=\"600\" height=\"338\" title=\"\u201d&#8221;Ve er ni kristna&#8221; -om Jesus och faris\u00e9erna\u201d &ndash; Vandra V\u00e4gen\" data-secret=\"vMcrkaPHuE\" frameborder=\"0\" marginwidth=\"0\" marginheight=\"0\" scrolling=\"no\" class=\"wp-embedded-content\"><\/iframe><script type=\"text\/javascript\">\n\/* <![CDATA[ *\/\n\/*! This file is auto-generated *\/\n!function(d,l){\"use strict\";l.querySelector&&d.addEventListener&&\"undefined\"!=typeof URL&&(d.wp=d.wp||{},d.wp.receiveEmbedMessage||(d.wp.receiveEmbedMessage=function(e){var t=e.data;if((t||t.secret||t.message||t.value)&&!\/[^a-zA-Z0-9]\/.test(t.secret)){for(var s,r,n,a=l.querySelectorAll('iframe[data-secret=\"'+t.secret+'\"]'),o=l.querySelectorAll('blockquote[data-secret=\"'+t.secret+'\"]'),c=new RegExp(\"^https?:$\",\"i\"),i=0;i<o.length;i++)o[i].style.display=\"none\";for(i=0;i<a.length;i++)s=a[i],e.source===s.contentWindow&&(s.removeAttribute(\"style\"),\"height\"===t.message?(1e3<(r=parseInt(t.value,10))?r=1e3:~~r<200&&(r=200),s.height=r):\"link\"===t.message&&(r=new URL(s.getAttribute(\"src\")),n=new URL(t.value),c.test(n.protocol))&&n.host===r.host&&l.activeElement===s&&(d.top.location.href=t.value))}},d.addEventListener(\"message\",d.wp.receiveEmbedMessage,!1),l.addEventListener(\"DOMContentLoaded\",function(){for(var e,t,s=l.querySelectorAll(\"iframe.wp-embedded-content\"),r=0;r<s.length;r++)(t=(e=s[r]).getAttribute(\"data-secret\"))||(t=Math.random().toString(36).substring(2,12),e.src+=\"#?secret=\"+t,e.setAttribute(\"data-secret\",t)),e.contentWindow.postMessage({message:\"ready\",secret:t},\"*\")},!1)))}(window,document);\n\/\/# sourceURL=https:\/\/blogg.svenskakyrkan.se\/vandravagen\/wp-includes\/js\/wp-embed.min.js\n\/* ]]> *\/\n<\/script>\n","description":"&nbsp; Det \u00e4r dags att forts\u00e4tta skriva om Jesus i sin judiska milj\u00f6. Den minnesgoda l\u00e4saren vet att jag var p\u00e5 pr\u00e4stkurs nyligen med det som tema. Biskop \u00c5ke Bonnier och \u00f6verrabbin emeritus Morton Narrowe talade en del om Jesus konfrontationer med faris\u00e9erna. Det g\u00e5r emellan\u00e5t mycket hett till. Som h\u00e4r: &#8221;Ve er, skriftl\u00e4rda och [&hellip;]","thumbnail_url":"http:\/\/blogg.svenskakyrkan.se\/vandravagen\/files\/2015\/06\/bild-9.jpg"}