{"version":"1.0","provider_name":"Vandra V\u00e4gen","provider_url":"https:\/\/blogg.svenskakyrkan.se\/vandravagen","author_name":"Tomas Jarvid","author_url":"https:\/\/blogg.svenskakyrkan.se\/vandravagen\/author\/vandravagen\/","title":"V\u00e4rldens \u00e4nde ligger i andra \u00e4nden - Vandra V\u00e4gen","type":"rich","width":600,"height":338,"html":"<blockquote class=\"wp-embedded-content\" data-secret=\"86BdyYV3W5\"><a href=\"https:\/\/blogg.svenskakyrkan.se\/vandravagen\/2015\/06\/30\/varldens-ande-ligger-i-andra-anden\/\">V\u00e4rldens \u00e4nde ligger i andra \u00e4nden<\/a><\/blockquote><iframe sandbox=\"allow-scripts\" security=\"restricted\" src=\"https:\/\/blogg.svenskakyrkan.se\/vandravagen\/2015\/06\/30\/varldens-ande-ligger-i-andra-anden\/embed\/#?secret=86BdyYV3W5\" width=\"600\" height=\"338\" title=\"\u201dV\u00e4rldens \u00e4nde ligger i andra \u00e4nden\u201d &ndash; Vandra V\u00e4gen\" data-secret=\"86BdyYV3W5\" frameborder=\"0\" marginwidth=\"0\" marginheight=\"0\" scrolling=\"no\" class=\"wp-embedded-content\"><\/iframe><script type=\"text\/javascript\">\n\/* <![CDATA[ *\/\n\/*! This file is auto-generated *\/\n!function(d,l){\"use strict\";l.querySelector&&d.addEventListener&&\"undefined\"!=typeof URL&&(d.wp=d.wp||{},d.wp.receiveEmbedMessage||(d.wp.receiveEmbedMessage=function(e){var t=e.data;if((t||t.secret||t.message||t.value)&&!\/[^a-zA-Z0-9]\/.test(t.secret)){for(var s,r,n,a=l.querySelectorAll('iframe[data-secret=\"'+t.secret+'\"]'),o=l.querySelectorAll('blockquote[data-secret=\"'+t.secret+'\"]'),c=new RegExp(\"^https?:$\",\"i\"),i=0;i<o.length;i++)o[i].style.display=\"none\";for(i=0;i<a.length;i++)s=a[i],e.source===s.contentWindow&&(s.removeAttribute(\"style\"),\"height\"===t.message?(1e3<(r=parseInt(t.value,10))?r=1e3:~~r<200&&(r=200),s.height=r):\"link\"===t.message&&(r=new URL(s.getAttribute(\"src\")),n=new URL(t.value),c.test(n.protocol))&&n.host===r.host&&l.activeElement===s&&(d.top.location.href=t.value))}},d.addEventListener(\"message\",d.wp.receiveEmbedMessage,!1),l.addEventListener(\"DOMContentLoaded\",function(){for(var e,t,s=l.querySelectorAll(\"iframe.wp-embedded-content\"),r=0;r<s.length;r++)(t=(e=s[r]).getAttribute(\"data-secret\"))||(t=Math.random().toString(36).substring(2,12),e.src+=\"#?secret=\"+t,e.setAttribute(\"data-secret\",t)),e.contentWindow.postMessage({message:\"ready\",secret:t},\"*\")},!1)))}(window,document);\n\/\/# sourceURL=https:\/\/blogg.svenskakyrkan.se\/vandravagen\/wp-includes\/js\/wp-embed.min.js\n\/* ]]> *\/\n<\/script>\n","description":"&nbsp; P\u00e5 kursen jag var p\u00e5 nyligen s\u00e5 fick jag \u00e4ven lyssna p\u00e5 Mikael Winninge fr\u00e5n svenska bibels\u00e4llskapet. Han ber\u00e4ttade bland annat att nya testamentets f\u00f6rfattare anv\u00e4nder ironi n\u00e4r de skriver om &#8221;v\u00e4rldens \u00e4nde&#8221; eller &#8221;v\u00e4rldens yttersta gr\u00e4ns&#8221; eller s\u00e5. Ofta menar de n\u00e4mligen Rom. Rom var ju i de flesta m\u00e4nniskors perspektiv snarare v\u00e4rldens [&hellip;]","thumbnail_url":"http:\/\/blogg.svenskakyrkan.se\/vandravagen\/files\/2015\/06\/bild-14.jpg"}