{"version":"1.0","provider_name":"Vandra V\u00e4gen","provider_url":"https:\/\/blogg.svenskakyrkan.se\/vandravagen","author_name":"Tomas Jarvid","author_url":"https:\/\/blogg.svenskakyrkan.se\/vandravagen\/author\/vandravagen\/","title":"\u00d6ga f\u00f6r \u00f6ga - och hur man till\u00e4mpat det - Vandra V\u00e4gen","type":"rich","width":600,"height":338,"html":"<blockquote class=\"wp-embedded-content\" data-secret=\"8yAPY6xiJx\"><a href=\"https:\/\/blogg.svenskakyrkan.se\/vandravagen\/2015\/08\/22\/oga-for-oga-och-hur-man-tillampat-det\/\">\u00d6ga f\u00f6r \u00f6ga &#8211; och hur man till\u00e4mpat det<\/a><\/blockquote><iframe sandbox=\"allow-scripts\" security=\"restricted\" src=\"https:\/\/blogg.svenskakyrkan.se\/vandravagen\/2015\/08\/22\/oga-for-oga-och-hur-man-tillampat-det\/embed\/#?secret=8yAPY6xiJx\" width=\"600\" height=\"338\" title=\"\u201d\u00d6ga f\u00f6r \u00f6ga &#8211; och hur man till\u00e4mpat det\u201d &ndash; Vandra V\u00e4gen\" data-secret=\"8yAPY6xiJx\" frameborder=\"0\" marginwidth=\"0\" marginheight=\"0\" scrolling=\"no\" class=\"wp-embedded-content\"><\/iframe><script type=\"text\/javascript\">\n\/* <![CDATA[ *\/\n\/*! This file is auto-generated *\/\n!function(d,l){\"use strict\";l.querySelector&&d.addEventListener&&\"undefined\"!=typeof URL&&(d.wp=d.wp||{},d.wp.receiveEmbedMessage||(d.wp.receiveEmbedMessage=function(e){var t=e.data;if((t||t.secret||t.message||t.value)&&!\/[^a-zA-Z0-9]\/.test(t.secret)){for(var s,r,n,a=l.querySelectorAll('iframe[data-secret=\"'+t.secret+'\"]'),o=l.querySelectorAll('blockquote[data-secret=\"'+t.secret+'\"]'),c=new RegExp(\"^https?:$\",\"i\"),i=0;i<o.length;i++)o[i].style.display=\"none\";for(i=0;i<a.length;i++)s=a[i],e.source===s.contentWindow&&(s.removeAttribute(\"style\"),\"height\"===t.message?(1e3<(r=parseInt(t.value,10))?r=1e3:~~r<200&&(r=200),s.height=r):\"link\"===t.message&&(r=new URL(s.getAttribute(\"src\")),n=new URL(t.value),c.test(n.protocol))&&n.host===r.host&&l.activeElement===s&&(d.top.location.href=t.value))}},d.addEventListener(\"message\",d.wp.receiveEmbedMessage,!1),l.addEventListener(\"DOMContentLoaded\",function(){for(var e,t,s=l.querySelectorAll(\"iframe.wp-embedded-content\"),r=0;r<s.length;r++)(t=(e=s[r]).getAttribute(\"data-secret\"))||(t=Math.random().toString(36).substring(2,12),e.src+=\"#?secret=\"+t,e.setAttribute(\"data-secret\",t)),e.contentWindow.postMessage({message:\"ready\",secret:t},\"*\")},!1)))}(window,document);\n\/\/# sourceURL=https:\/\/blogg.svenskakyrkan.se\/vandravagen\/wp-includes\/js\/wp-embed.min.js\n\/* ]]> *\/\n<\/script>\n","description":"\u00c5ter igen skriver jag n\u00e5gra rader utifr\u00e5n vad \u00f6verrabbin emeritus Morton Narrowe ber\u00e4ttade p\u00e5 pr\u00e4stkurs i v\u00e5ras. Det handlar om den v\u00e4lk\u00e4nda utsagan &#8221;\u00f6ga f\u00f6r \u00f6ga och tand f\u00f6r tand&#8221;. Det h\u00e4r \u00e4r \u00e4nnu ett exempel p\u00e5 hur kristna g\u00e4rna svartm\u00e5lat den judiska tron f\u00f6r att framst\u00e5 \u00e4n b\u00e4ttre i kontrast mot den. Jesus s\u00e4ger: [&hellip;]","thumbnail_url":"http:\/\/blogg.svenskakyrkan.se\/vandravagen\/files\/2015\/08\/0Yj52C2Cy8ZFsAHEbt86a14oJgAre5SuVcavqPj_DAE-1024x849.jpg"}