{"version":"1.0","provider_name":"Vandra V\u00e4gen","provider_url":"https:\/\/blogg.svenskakyrkan.se\/vandravagen","author_name":"Tomas Jarvid","author_url":"https:\/\/blogg.svenskakyrkan.se\/vandravagen\/author\/vandravagen\/","title":"Att vara god f\u00f6r att man \u00e4r r\u00e4dd - Vandra V\u00e4gen","type":"rich","width":600,"height":338,"html":"<blockquote class=\"wp-embedded-content\" data-secret=\"xH9BS0MEu0\"><a href=\"https:\/\/blogg.svenskakyrkan.se\/vandravagen\/2015\/08\/24\/att-vara-god-for-att-man-ar-radd\/\">Att vara god f\u00f6r att man \u00e4r r\u00e4dd<\/a><\/blockquote><iframe sandbox=\"allow-scripts\" security=\"restricted\" src=\"https:\/\/blogg.svenskakyrkan.se\/vandravagen\/2015\/08\/24\/att-vara-god-for-att-man-ar-radd\/embed\/#?secret=xH9BS0MEu0\" width=\"600\" height=\"338\" title=\"\u201dAtt vara god f\u00f6r att man \u00e4r r\u00e4dd\u201d &ndash; Vandra V\u00e4gen\" data-secret=\"xH9BS0MEu0\" frameborder=\"0\" marginwidth=\"0\" marginheight=\"0\" scrolling=\"no\" class=\"wp-embedded-content\"><\/iframe><script type=\"text\/javascript\">\n\/* <![CDATA[ *\/\n\/*! This file is auto-generated *\/\n!function(d,l){\"use strict\";l.querySelector&&d.addEventListener&&\"undefined\"!=typeof URL&&(d.wp=d.wp||{},d.wp.receiveEmbedMessage||(d.wp.receiveEmbedMessage=function(e){var t=e.data;if((t||t.secret||t.message||t.value)&&!\/[^a-zA-Z0-9]\/.test(t.secret)){for(var s,r,n,a=l.querySelectorAll('iframe[data-secret=\"'+t.secret+'\"]'),o=l.querySelectorAll('blockquote[data-secret=\"'+t.secret+'\"]'),c=new RegExp(\"^https?:$\",\"i\"),i=0;i<o.length;i++)o[i].style.display=\"none\";for(i=0;i<a.length;i++)s=a[i],e.source===s.contentWindow&&(s.removeAttribute(\"style\"),\"height\"===t.message?(1e3<(r=parseInt(t.value,10))?r=1e3:~~r<200&&(r=200),s.height=r):\"link\"===t.message&&(r=new URL(s.getAttribute(\"src\")),n=new URL(t.value),c.test(n.protocol))&&n.host===r.host&&l.activeElement===s&&(d.top.location.href=t.value))}},d.addEventListener(\"message\",d.wp.receiveEmbedMessage,!1),l.addEventListener(\"DOMContentLoaded\",function(){for(var e,t,s=l.querySelectorAll(\"iframe.wp-embedded-content\"),r=0;r<s.length;r++)(t=(e=s[r]).getAttribute(\"data-secret\"))||(t=Math.random().toString(36).substring(2,12),e.src+=\"#?secret=\"+t,e.setAttribute(\"data-secret\",t)),e.contentWindow.postMessage({message:\"ready\",secret:t},\"*\")},!1)))}(window,document);\n\/\/# sourceURL=https:\/\/blogg.svenskakyrkan.se\/vandravagen\/wp-includes\/js\/wp-embed.min.js\n\/* ]]> *\/\n<\/script>\n","description":"Jag h\u00f6rde om n\u00e5gon klassisk teolog som hade funderat mycket p\u00e5 dygder, att \u00f6va sig i att handla gott mot andra. Han (vem det nu var, hojta till om du vet) menade att det finns vardagsdygder och \u00e4kta dygder.\u00a0Vardagsdygderna st\u00e5r f\u00f6r den \u00f6verv\u00e4ldigande m\u00e4ngden av goda g\u00e4rningar s\u00e5 vi ska vara tacksamma att de finns. [&hellip;]","thumbnail_url":"http:\/\/blogg.svenskakyrkan.se\/vandravagen\/files\/2015\/08\/bild-56.jpg"}