{"version":"1.0","provider_name":"Vandra V\u00e4gen","provider_url":"https:\/\/blogg.svenskakyrkan.se\/vandravagen","author_name":"Tomas Jarvid","author_url":"https:\/\/blogg.svenskakyrkan.se\/vandravagen\/author\/vandravagen\/","title":"Unga utsatta m\u00e4n och alla m\u00e4n - Vandra V\u00e4gen","type":"rich","width":600,"height":338,"html":"<blockquote class=\"wp-embedded-content\" data-secret=\"oKUt4ObGjh\"><a href=\"https:\/\/blogg.svenskakyrkan.se\/vandravagen\/2016\/02\/01\/unga-utsatta-man-och-alla-man\/\">Unga utsatta m\u00e4n och alla m\u00e4n<\/a><\/blockquote><iframe sandbox=\"allow-scripts\" security=\"restricted\" src=\"https:\/\/blogg.svenskakyrkan.se\/vandravagen\/2016\/02\/01\/unga-utsatta-man-och-alla-man\/embed\/#?secret=oKUt4ObGjh\" width=\"600\" height=\"338\" title=\"\u201dUnga utsatta m\u00e4n och alla m\u00e4n\u201d &ndash; Vandra V\u00e4gen\" data-secret=\"oKUt4ObGjh\" frameborder=\"0\" marginwidth=\"0\" marginheight=\"0\" scrolling=\"no\" class=\"wp-embedded-content\"><\/iframe><script type=\"text\/javascript\">\n\/* <![CDATA[ *\/\n\/*! This file is auto-generated *\/\n!function(d,l){\"use strict\";l.querySelector&&d.addEventListener&&\"undefined\"!=typeof URL&&(d.wp=d.wp||{},d.wp.receiveEmbedMessage||(d.wp.receiveEmbedMessage=function(e){var t=e.data;if((t||t.secret||t.message||t.value)&&!\/[^a-zA-Z0-9]\/.test(t.secret)){for(var s,r,n,a=l.querySelectorAll('iframe[data-secret=\"'+t.secret+'\"]'),o=l.querySelectorAll('blockquote[data-secret=\"'+t.secret+'\"]'),c=new RegExp(\"^https?:$\",\"i\"),i=0;i<o.length;i++)o[i].style.display=\"none\";for(i=0;i<a.length;i++)s=a[i],e.source===s.contentWindow&&(s.removeAttribute(\"style\"),\"height\"===t.message?(1e3<(r=parseInt(t.value,10))?r=1e3:~~r<200&&(r=200),s.height=r):\"link\"===t.message&&(r=new URL(s.getAttribute(\"src\")),n=new URL(t.value),c.test(n.protocol))&&n.host===r.host&&l.activeElement===s&&(d.top.location.href=t.value))}},d.addEventListener(\"message\",d.wp.receiveEmbedMessage,!1),l.addEventListener(\"DOMContentLoaded\",function(){for(var e,t,s=l.querySelectorAll(\"iframe.wp-embedded-content\"),r=0;r<s.length;r++)(t=(e=s[r]).getAttribute(\"data-secret\"))||(t=Math.random().toString(36).substring(2,12),e.src+=\"#?secret=\"+t,e.setAttribute(\"data-secret\",t)),e.contentWindow.postMessage({message:\"ready\",secret:t},\"*\")},!1)))}(window,document);\n\/\/# sourceURL=https:\/\/blogg.svenskakyrkan.se\/vandravagen\/wp-includes\/js\/wp-embed.min.js\n\/* ]]> *\/\n<\/script>\n","description":"Jag h\u00f6rde p\u00e5 radion h\u00e4romdagen om flyktingsituationen. Man hade kommit fram till att det fanns en grupp som var mer utsatta \u00e4n man tidigare trott. Det var unga ensamst\u00e5ende m\u00e4n p\u00e5 flykt. De var extra utsatta just f\u00f6r att ingen trodde att de var det. Man f\u00f6rv\u00e4ntade sig att unga arbetsf\u00f6ra m\u00e4n utan familj att [&hellip;]","thumbnail_url":"http:\/\/blogg.svenskakyrkan.se\/vandravagen\/files\/2016\/02\/IMG_7236.jpg"}