{"version":"1.0","provider_name":"Vandra V\u00e4gen","provider_url":"https:\/\/blogg.svenskakyrkan.se\/vandravagen","author_name":"Tomas Jarvid","author_url":"https:\/\/blogg.svenskakyrkan.se\/vandravagen\/author\/vandravagen\/","title":"En bibeltext f\u00f6r den som g\u00e5r p\u00e5 bes\u00f6k - Vandra V\u00e4gen","type":"rich","width":600,"height":338,"html":"<blockquote class=\"wp-embedded-content\" data-secret=\"9ITId3fIK0\"><a href=\"https:\/\/blogg.svenskakyrkan.se\/vandravagen\/2016\/03\/03\/en-bibeltext-for-den-som-ar-pa-besok\/\">En bibeltext f\u00f6r den som g\u00e5r p\u00e5 bes\u00f6k<\/a><\/blockquote><iframe sandbox=\"allow-scripts\" security=\"restricted\" src=\"https:\/\/blogg.svenskakyrkan.se\/vandravagen\/2016\/03\/03\/en-bibeltext-for-den-som-ar-pa-besok\/embed\/#?secret=9ITId3fIK0\" width=\"600\" height=\"338\" title=\"\u201dEn bibeltext f\u00f6r den som g\u00e5r p\u00e5 bes\u00f6k\u201d &ndash; Vandra V\u00e4gen\" data-secret=\"9ITId3fIK0\" frameborder=\"0\" marginwidth=\"0\" marginheight=\"0\" scrolling=\"no\" class=\"wp-embedded-content\"><\/iframe><script type=\"text\/javascript\">\n\/* <![CDATA[ *\/\n\/*! This file is auto-generated *\/\n!function(d,l){\"use strict\";l.querySelector&&d.addEventListener&&\"undefined\"!=typeof URL&&(d.wp=d.wp||{},d.wp.receiveEmbedMessage||(d.wp.receiveEmbedMessage=function(e){var t=e.data;if((t||t.secret||t.message||t.value)&&!\/[^a-zA-Z0-9]\/.test(t.secret)){for(var s,r,n,a=l.querySelectorAll('iframe[data-secret=\"'+t.secret+'\"]'),o=l.querySelectorAll('blockquote[data-secret=\"'+t.secret+'\"]'),c=new RegExp(\"^https?:$\",\"i\"),i=0;i<o.length;i++)o[i].style.display=\"none\";for(i=0;i<a.length;i++)s=a[i],e.source===s.contentWindow&&(s.removeAttribute(\"style\"),\"height\"===t.message?(1e3<(r=parseInt(t.value,10))?r=1e3:~~r<200&&(r=200),s.height=r):\"link\"===t.message&&(r=new URL(s.getAttribute(\"src\")),n=new URL(t.value),c.test(n.protocol))&&n.host===r.host&&l.activeElement===s&&(d.top.location.href=t.value))}},d.addEventListener(\"message\",d.wp.receiveEmbedMessage,!1),l.addEventListener(\"DOMContentLoaded\",function(){for(var e,t,s=l.querySelectorAll(\"iframe.wp-embedded-content\"),r=0;r<s.length;r++)(t=(e=s[r]).getAttribute(\"data-secret\"))||(t=Math.random().toString(36).substring(2,12),e.src+=\"#?secret=\"+t,e.setAttribute(\"data-secret\",t)),e.contentWindow.postMessage({message:\"ready\",secret:t},\"*\")},!1)))}(window,document);\n\/\/# sourceURL=https:\/\/blogg.svenskakyrkan.se\/vandravagen\/wp-includes\/js\/wp-embed.min.js\n\/* ]]> *\/\n<\/script>\n","description":"Idag har jag gl\u00e4djen att presentera en g\u00e4stbloggare h\u00e4r p\u00e5 Vandra V\u00e4gen. Det \u00e4r min arbetskamrat Ulf S\u00f6dahl som bland annat arbetar mycket med flyktingar som skriver om en bibeltext som inspirerar honom mycket. Tack f\u00f6r det! Ordet till Ulf: Att v\u00e4lja det oplanerade Medan de var p\u00e5 v\u00e4g gick Jesus in i en by\u2026\u00a0S\u00e5 [&hellip;]","thumbnail_url":"http:\/\/blogg.svenskakyrkan.se\/vandravagen\/files\/2016\/03\/IMG_7541.jpg"}