{"version":"1.0","provider_name":"Vandra V\u00e4gen","provider_url":"https:\/\/blogg.svenskakyrkan.se\/vandravagen","author_name":"Tomas Jarvid","author_url":"https:\/\/blogg.svenskakyrkan.se\/vandravagen\/author\/vandravagen\/","title":"Friheten, fracken och hj\u00e4lmen - Vandra V\u00e4gen","type":"rich","width":600,"height":338,"html":"<blockquote class=\"wp-embedded-content\" data-secret=\"CHrXQEf8fr\"><a href=\"https:\/\/blogg.svenskakyrkan.se\/vandravagen\/2017\/09\/04\/friheten-fracken-och-hjalmen\/\">Friheten, fracken och hj\u00e4lmen<\/a><\/blockquote><iframe sandbox=\"allow-scripts\" security=\"restricted\" src=\"https:\/\/blogg.svenskakyrkan.se\/vandravagen\/2017\/09\/04\/friheten-fracken-och-hjalmen\/embed\/#?secret=CHrXQEf8fr\" width=\"600\" height=\"338\" title=\"\u201dFriheten, fracken och hj\u00e4lmen\u201d &ndash; Vandra V\u00e4gen\" data-secret=\"CHrXQEf8fr\" frameborder=\"0\" marginwidth=\"0\" marginheight=\"0\" scrolling=\"no\" class=\"wp-embedded-content\"><\/iframe><script type=\"text\/javascript\">\n\/* <![CDATA[ *\/\n\/*! This file is auto-generated *\/\n!function(d,l){\"use strict\";l.querySelector&&d.addEventListener&&\"undefined\"!=typeof URL&&(d.wp=d.wp||{},d.wp.receiveEmbedMessage||(d.wp.receiveEmbedMessage=function(e){var t=e.data;if((t||t.secret||t.message||t.value)&&!\/[^a-zA-Z0-9]\/.test(t.secret)){for(var s,r,n,a=l.querySelectorAll('iframe[data-secret=\"'+t.secret+'\"]'),o=l.querySelectorAll('blockquote[data-secret=\"'+t.secret+'\"]'),c=new RegExp(\"^https?:$\",\"i\"),i=0;i<o.length;i++)o[i].style.display=\"none\";for(i=0;i<a.length;i++)s=a[i],e.source===s.contentWindow&&(s.removeAttribute(\"style\"),\"height\"===t.message?(1e3<(r=parseInt(t.value,10))?r=1e3:~~r<200&&(r=200),s.height=r):\"link\"===t.message&&(r=new URL(s.getAttribute(\"src\")),n=new URL(t.value),c.test(n.protocol))&&n.host===r.host&&l.activeElement===s&&(d.top.location.href=t.value))}},d.addEventListener(\"message\",d.wp.receiveEmbedMessage,!1),l.addEventListener(\"DOMContentLoaded\",function(){for(var e,t,s=l.querySelectorAll(\"iframe.wp-embedded-content\"),r=0;r<s.length;r++)(t=(e=s[r]).getAttribute(\"data-secret\"))||(t=Math.random().toString(36).substring(2,12),e.src+=\"#?secret=\"+t,e.setAttribute(\"data-secret\",t)),e.contentWindow.postMessage({message:\"ready\",secret:t},\"*\")},!1)))}(window,document);\n\/\/# sourceURL=https:\/\/blogg.svenskakyrkan.se\/vandravagen\/wp-includes\/js\/wp-embed.min.js\n\/* ]]> *\/\n<\/script>\n","thumbnail_url":"https:\/\/blogg.svenskakyrkan.se\/vandravagen\/files\/2017\/09\/IMG_6265-768x581.jpg","thumbnail_width":600,"thumbnail_height":454,"description":"Ig\u00e5r h\u00f6ll jag den h\u00e4r predikan p\u00e5 gudstj\u00e4nsten i Dalstorp. Eller h\u00e4lften i alla fall f\u00f6r jag delade p\u00e5 predikan med min kollega Ulf S\u00f6dahl. Det var ett f\u00f6rs\u00f6k att tala lite enklare eftersom vi hade konfirmandinskrivning och jag f\u00e5r nog s\u00e4ga att det jag verkligen sade i kyrkan f\u00f6rh\u00f6ll sig v\u00e4ldigt fritt till det [&hellip;]"}