{"version":"1.0","provider_name":"Vandra V\u00e4gen","provider_url":"https:\/\/blogg.svenskakyrkan.se\/vandravagen","author_name":"Tomas Jarvid","author_url":"https:\/\/blogg.svenskakyrkan.se\/vandravagen\/author\/vandravagen\/","title":"Den s\u00f6rjande kyrkan - Vandra V\u00e4gen","type":"rich","width":600,"height":338,"html":"<blockquote class=\"wp-embedded-content\" data-secret=\"J5JFK9IeJS\"><a href=\"https:\/\/blogg.svenskakyrkan.se\/vandravagen\/2018\/11\/28\/den-sorjande-kyrkan\/\">Den s\u00f6rjande kyrkan<\/a><\/blockquote><iframe sandbox=\"allow-scripts\" security=\"restricted\" src=\"https:\/\/blogg.svenskakyrkan.se\/vandravagen\/2018\/11\/28\/den-sorjande-kyrkan\/embed\/#?secret=J5JFK9IeJS\" width=\"600\" height=\"338\" title=\"\u201dDen s\u00f6rjande kyrkan\u201d &ndash; Vandra V\u00e4gen\" data-secret=\"J5JFK9IeJS\" frameborder=\"0\" marginwidth=\"0\" marginheight=\"0\" scrolling=\"no\" class=\"wp-embedded-content\"><\/iframe><script type=\"text\/javascript\">\n\/* <![CDATA[ *\/\n\/*! This file is auto-generated *\/\n!function(d,l){\"use strict\";l.querySelector&&d.addEventListener&&\"undefined\"!=typeof URL&&(d.wp=d.wp||{},d.wp.receiveEmbedMessage||(d.wp.receiveEmbedMessage=function(e){var t=e.data;if((t||t.secret||t.message||t.value)&&!\/[^a-zA-Z0-9]\/.test(t.secret)){for(var s,r,n,a=l.querySelectorAll('iframe[data-secret=\"'+t.secret+'\"]'),o=l.querySelectorAll('blockquote[data-secret=\"'+t.secret+'\"]'),c=new RegExp(\"^https?:$\",\"i\"),i=0;i<o.length;i++)o[i].style.display=\"none\";for(i=0;i<a.length;i++)s=a[i],e.source===s.contentWindow&&(s.removeAttribute(\"style\"),\"height\"===t.message?(1e3<(r=parseInt(t.value,10))?r=1e3:~~r<200&&(r=200),s.height=r):\"link\"===t.message&&(r=new URL(s.getAttribute(\"src\")),n=new URL(t.value),c.test(n.protocol))&&n.host===r.host&&l.activeElement===s&&(d.top.location.href=t.value))}},d.addEventListener(\"message\",d.wp.receiveEmbedMessage,!1),l.addEventListener(\"DOMContentLoaded\",function(){for(var e,t,s=l.querySelectorAll(\"iframe.wp-embedded-content\"),r=0;r<s.length;r++)(t=(e=s[r]).getAttribute(\"data-secret\"))||(t=Math.random().toString(36).substring(2,12),e.src+=\"#?secret=\"+t,e.setAttribute(\"data-secret\",t)),e.contentWindow.postMessage({message:\"ready\",secret:t},\"*\")},!1)))}(window,document);\n\/\/# sourceURL=https:\/\/blogg.svenskakyrkan.se\/vandravagen\/wp-includes\/js\/wp-embed.min.js\n\/* ]]> *\/\n<\/script>\n","thumbnail_url":"https:\/\/blogg.svenskakyrkan.se\/vandravagen\/files\/2018\/11\/IMG_6121.jpg","thumbnail_width":500,"thumbnail_height":380,"description":"Jag har haft den h\u00e4r rubriken i tankarna ett tag. Det k\u00e4nns p\u00e5 m\u00e5nga s\u00e4tt som att kyrkan har mycket att s\u00f6rja \u00f6ver. S\u00e4rskilt kanske i alla de sammanhang d\u00e4r kyrkan \u00e4r p\u00e5 tillbakag\u00e5ng. De som \u00e4r engagerade blir allt \u00e4ldre och minns andra tider med livfullare f\u00f6rsamlingsliv. Som f\u00f6rsamlingspr\u00e4st f\u00e5r man ofta h\u00f6ra klagom\u00e5l [&hellip;]"}