{"version":"1.0","provider_name":"Vandra V\u00e4gen","provider_url":"https:\/\/blogg.svenskakyrkan.se\/vandravagen","author_name":"Tomas Jarvid","author_url":"https:\/\/blogg.svenskakyrkan.se\/vandravagen\/author\/vandravagen\/","title":"En pr\u00e4st l\u00e4ser Silvertronen (igen) - Vandra V\u00e4gen","type":"rich","width":600,"height":338,"html":"<blockquote class=\"wp-embedded-content\" data-secret=\"Uw3S04AUbe\"><a href=\"https:\/\/blogg.svenskakyrkan.se\/vandravagen\/2019\/03\/26\/en-prast-laser-silvertronen-igen\/\">En pr\u00e4st l\u00e4ser Silvertronen (igen)<\/a><\/blockquote><iframe sandbox=\"allow-scripts\" security=\"restricted\" src=\"https:\/\/blogg.svenskakyrkan.se\/vandravagen\/2019\/03\/26\/en-prast-laser-silvertronen-igen\/embed\/#?secret=Uw3S04AUbe\" width=\"600\" height=\"338\" title=\"\u201dEn pr\u00e4st l\u00e4ser Silvertronen (igen)\u201d &ndash; Vandra V\u00e4gen\" data-secret=\"Uw3S04AUbe\" frameborder=\"0\" marginwidth=\"0\" marginheight=\"0\" scrolling=\"no\" class=\"wp-embedded-content\"><\/iframe><script type=\"text\/javascript\">\n\/* <![CDATA[ *\/\n\/*! This file is auto-generated *\/\n!function(d,l){\"use strict\";l.querySelector&&d.addEventListener&&\"undefined\"!=typeof URL&&(d.wp=d.wp||{},d.wp.receiveEmbedMessage||(d.wp.receiveEmbedMessage=function(e){var t=e.data;if((t||t.secret||t.message||t.value)&&!\/[^a-zA-Z0-9]\/.test(t.secret)){for(var s,r,n,a=l.querySelectorAll('iframe[data-secret=\"'+t.secret+'\"]'),o=l.querySelectorAll('blockquote[data-secret=\"'+t.secret+'\"]'),c=new RegExp(\"^https?:$\",\"i\"),i=0;i<o.length;i++)o[i].style.display=\"none\";for(i=0;i<a.length;i++)s=a[i],e.source===s.contentWindow&&(s.removeAttribute(\"style\"),\"height\"===t.message?(1e3<(r=parseInt(t.value,10))?r=1e3:~~r<200&&(r=200),s.height=r):\"link\"===t.message&&(r=new URL(s.getAttribute(\"src\")),n=new URL(t.value),c.test(n.protocol))&&n.host===r.host&&l.activeElement===s&&(d.top.location.href=t.value))}},d.addEventListener(\"message\",d.wp.receiveEmbedMessage,!1),l.addEventListener(\"DOMContentLoaded\",function(){for(var e,t,s=l.querySelectorAll(\"iframe.wp-embedded-content\"),r=0;r<s.length;r++)(t=(e=s[r]).getAttribute(\"data-secret\"))||(t=Math.random().toString(36).substring(2,12),e.src+=\"#?secret=\"+t,e.setAttribute(\"data-secret\",t)),e.contentWindow.postMessage({message:\"ready\",secret:t},\"*\")},!1)))}(window,document);\n\/\/# sourceURL=https:\/\/blogg.svenskakyrkan.se\/vandravagen\/wp-includes\/js\/wp-embed.min.js\n\/* ]]> *\/\n<\/script>\n","thumbnail_url":"https:\/\/blogg.svenskakyrkan.se\/vandravagen\/files\/2019\/03\/IMG_6970-e1552941921732-768x1024.jpg","thumbnail_width":600,"thumbnail_height":800,"description":"Jag har \u00e5terigen l\u00e4st en narniabok h\u00f6gt f\u00f6r barnen; &#8221;silvertronen&#8221; av C S Lewis. Det \u00e4r f\u00f6rst\u00e5s ett rent n\u00f6je att f\u00e5 \u00e5terv\u00e4nda till de b\u00f6ckerna. Jag t\u00e4nkte dela n\u00e5gra reflektioner kring handlingen, det \u00e4r s\u00e4kert roligare att l\u00e4sa om man ocks\u00e5 l\u00e4st boken men vem vet, kanske blir det intressant oavsett. I b\u00f6rjan av [&hellip;]"}