{"version":"1.0","provider_name":"Vandra V\u00e4gen","provider_url":"https:\/\/blogg.svenskakyrkan.se\/vandravagen","author_name":"Tomas Jarvid","author_url":"https:\/\/blogg.svenskakyrkan.se\/vandravagen\/author\/vandravagen\/","title":"Ber\u00e4ttelsen alla m\u00e5ste kunna - Vandra V\u00e4gen","type":"rich","width":600,"height":338,"html":"<blockquote class=\"wp-embedded-content\" data-secret=\"Tb0TaA6Nxv\"><a href=\"https:\/\/blogg.svenskakyrkan.se\/vandravagen\/2019\/03\/29\/berattelsen-alla-maste-kunna\/\">Ber\u00e4ttelsen alla m\u00e5ste kunna<\/a><\/blockquote><iframe sandbox=\"allow-scripts\" security=\"restricted\" src=\"https:\/\/blogg.svenskakyrkan.se\/vandravagen\/2019\/03\/29\/berattelsen-alla-maste-kunna\/embed\/#?secret=Tb0TaA6Nxv\" width=\"600\" height=\"338\" title=\"\u201dBer\u00e4ttelsen alla m\u00e5ste kunna\u201d &ndash; Vandra V\u00e4gen\" data-secret=\"Tb0TaA6Nxv\" frameborder=\"0\" marginwidth=\"0\" marginheight=\"0\" scrolling=\"no\" class=\"wp-embedded-content\"><\/iframe><script type=\"text\/javascript\">\n\/* <![CDATA[ *\/\n\/*! This file is auto-generated *\/\n!function(d,l){\"use strict\";l.querySelector&&d.addEventListener&&\"undefined\"!=typeof URL&&(d.wp=d.wp||{},d.wp.receiveEmbedMessage||(d.wp.receiveEmbedMessage=function(e){var t=e.data;if((t||t.secret||t.message||t.value)&&!\/[^a-zA-Z0-9]\/.test(t.secret)){for(var s,r,n,a=l.querySelectorAll('iframe[data-secret=\"'+t.secret+'\"]'),o=l.querySelectorAll('blockquote[data-secret=\"'+t.secret+'\"]'),c=new RegExp(\"^https?:$\",\"i\"),i=0;i<o.length;i++)o[i].style.display=\"none\";for(i=0;i<a.length;i++)s=a[i],e.source===s.contentWindow&&(s.removeAttribute(\"style\"),\"height\"===t.message?(1e3<(r=parseInt(t.value,10))?r=1e3:~~r<200&&(r=200),s.height=r):\"link\"===t.message&&(r=new URL(s.getAttribute(\"src\")),n=new URL(t.value),c.test(n.protocol))&&n.host===r.host&&l.activeElement===s&&(d.top.location.href=t.value))}},d.addEventListener(\"message\",d.wp.receiveEmbedMessage,!1),l.addEventListener(\"DOMContentLoaded\",function(){for(var e,t,s=l.querySelectorAll(\"iframe.wp-embedded-content\"),r=0;r<s.length;r++)(t=(e=s[r]).getAttribute(\"data-secret\"))||(t=Math.random().toString(36).substring(2,12),e.src+=\"#?secret=\"+t,e.setAttribute(\"data-secret\",t)),e.contentWindow.postMessage({message:\"ready\",secret:t},\"*\")},!1)))}(window,document);\n\/\/# sourceURL=https:\/\/blogg.svenskakyrkan.se\/vandravagen\/wp-includes\/js\/wp-embed.min.js\n\/* ]]> *\/\n<\/script>\n","thumbnail_url":"https:\/\/blogg.svenskakyrkan.se\/vandravagen\/files\/2019\/03\/modern1-768x570.jpg","thumbnail_width":600,"thumbnail_height":445,"description":"Vi hade i vanlig ordning ett pass med konfirmanderna d\u00e4r vi dramatiserade Jesus k\u00e4ndaste liknelser. Detta m\u00e5ste v\u00e4l anses vara det mest klassiska av konfirmanduppl\u00e4gg men ocks\u00e5 v\u00e4ldigt viktigt. Om detta handlar dagens bloggpost. Vi dramatiserade liknelserna om s\u00e5dden i olika jordm\u00e5n, om den barmh\u00e4rtige samariern, om faris\u00e9en och tullindrivaren, om det f\u00f6rlorade f\u00e5ret och [&hellip;]"}