{"version":"1.0","provider_name":"Vandra V\u00e4gen","provider_url":"https:\/\/blogg.svenskakyrkan.se\/vandravagen","author_name":"Tomas Jarvid","author_url":"https:\/\/blogg.svenskakyrkan.se\/vandravagen\/author\/vandravagen\/","title":"8 blandade tankar p\u00e5 s\u00f6ndagen - Vandra V\u00e4gen","type":"rich","width":600,"height":338,"html":"<blockquote class=\"wp-embedded-content\" data-secret=\"ugR1FgSLVN\"><a href=\"https:\/\/blogg.svenskakyrkan.se\/vandravagen\/2019\/04\/28\/8-blandade-tankar-pa-sondagen-34\/\">8 blandade tankar p\u00e5 s\u00f6ndagen<\/a><\/blockquote><iframe sandbox=\"allow-scripts\" security=\"restricted\" src=\"https:\/\/blogg.svenskakyrkan.se\/vandravagen\/2019\/04\/28\/8-blandade-tankar-pa-sondagen-34\/embed\/#?secret=ugR1FgSLVN\" width=\"600\" height=\"338\" title=\"\u201d8 blandade tankar p\u00e5 s\u00f6ndagen\u201d &ndash; Vandra V\u00e4gen\" data-secret=\"ugR1FgSLVN\" frameborder=\"0\" marginwidth=\"0\" marginheight=\"0\" scrolling=\"no\" class=\"wp-embedded-content\"><\/iframe><script type=\"text\/javascript\">\n\/* <![CDATA[ *\/\n\/*! This file is auto-generated *\/\n!function(d,l){\"use strict\";l.querySelector&&d.addEventListener&&\"undefined\"!=typeof URL&&(d.wp=d.wp||{},d.wp.receiveEmbedMessage||(d.wp.receiveEmbedMessage=function(e){var t=e.data;if((t||t.secret||t.message||t.value)&&!\/[^a-zA-Z0-9]\/.test(t.secret)){for(var s,r,n,a=l.querySelectorAll('iframe[data-secret=\"'+t.secret+'\"]'),o=l.querySelectorAll('blockquote[data-secret=\"'+t.secret+'\"]'),c=new RegExp(\"^https?:$\",\"i\"),i=0;i<o.length;i++)o[i].style.display=\"none\";for(i=0;i<a.length;i++)s=a[i],e.source===s.contentWindow&&(s.removeAttribute(\"style\"),\"height\"===t.message?(1e3<(r=parseInt(t.value,10))?r=1e3:~~r<200&&(r=200),s.height=r):\"link\"===t.message&&(r=new URL(s.getAttribute(\"src\")),n=new URL(t.value),c.test(n.protocol))&&n.host===r.host&&l.activeElement===s&&(d.top.location.href=t.value))}},d.addEventListener(\"message\",d.wp.receiveEmbedMessage,!1),l.addEventListener(\"DOMContentLoaded\",function(){for(var e,t,s=l.querySelectorAll(\"iframe.wp-embedded-content\"),r=0;r<s.length;r++)(t=(e=s[r]).getAttribute(\"data-secret\"))||(t=Math.random().toString(36).substring(2,12),e.src+=\"#?secret=\"+t,e.setAttribute(\"data-secret\",t)),e.contentWindow.postMessage({message:\"ready\",secret:t},\"*\")},!1)))}(window,document);\n\/\/# sourceURL=https:\/\/blogg.svenskakyrkan.se\/vandravagen\/wp-includes\/js\/wp-embed.min.js\n\/* ]]> *\/\n<\/script>\n","thumbnail_url":"https:\/\/blogg.svenskakyrkan.se\/vandravagen\/files\/2019\/04\/IMG_6962-768x576.jpg","thumbnail_width":600,"thumbnail_height":450,"description":"Glad s\u00f6ndag k\u00e4ra l\u00e4sare, och glad forts\u00e4ttning p\u00e5 p\u00e5sken! 2. Idag ska jag till Grims\u00e5s och fira ekumenisk gudstj\u00e4nst vid den i \u00f6vrigt ganska ekumenik-ov\u00e4nliga tiden 9.00. Sedan till Nittorp f\u00f6r att fira gudstj\u00e4nst och mycket enkel m\u00e4ssa tillsammans med v\u00e5ra barnk\u00f6rer klockan 11. Kommer du dit s\u00e5 ses vi! 3. Ig\u00e5r skulle vi ha [&hellip;]"}