{"version":"1.0","provider_name":"Vandra V\u00e4gen","provider_url":"https:\/\/blogg.svenskakyrkan.se\/vandravagen","author_name":"Tomas Jarvid","author_url":"https:\/\/blogg.svenskakyrkan.se\/vandravagen\/author\/vandravagen\/","title":"10 blandade tankar p\u00e5 pingstdagen - Vandra V\u00e4gen","type":"rich","width":600,"height":338,"html":"<blockquote class=\"wp-embedded-content\" data-secret=\"YGTHssm1p7\"><a href=\"https:\/\/blogg.svenskakyrkan.se\/vandravagen\/2019\/06\/09\/10-blandade-tankar-pa-pingstdagen-2\/\">10 blandade tankar p\u00e5 pingstdagen<\/a><\/blockquote><iframe sandbox=\"allow-scripts\" security=\"restricted\" src=\"https:\/\/blogg.svenskakyrkan.se\/vandravagen\/2019\/06\/09\/10-blandade-tankar-pa-pingstdagen-2\/embed\/#?secret=YGTHssm1p7\" width=\"600\" height=\"338\" title=\"\u201d10 blandade tankar p\u00e5 pingstdagen\u201d &ndash; Vandra V\u00e4gen\" data-secret=\"YGTHssm1p7\" frameborder=\"0\" marginwidth=\"0\" marginheight=\"0\" scrolling=\"no\" class=\"wp-embedded-content\"><\/iframe><script type=\"text\/javascript\">\n\/* <![CDATA[ *\/\n\/*! This file is auto-generated *\/\n!function(d,l){\"use strict\";l.querySelector&&d.addEventListener&&\"undefined\"!=typeof URL&&(d.wp=d.wp||{},d.wp.receiveEmbedMessage||(d.wp.receiveEmbedMessage=function(e){var t=e.data;if((t||t.secret||t.message||t.value)&&!\/[^a-zA-Z0-9]\/.test(t.secret)){for(var s,r,n,a=l.querySelectorAll('iframe[data-secret=\"'+t.secret+'\"]'),o=l.querySelectorAll('blockquote[data-secret=\"'+t.secret+'\"]'),c=new RegExp(\"^https?:$\",\"i\"),i=0;i<o.length;i++)o[i].style.display=\"none\";for(i=0;i<a.length;i++)s=a[i],e.source===s.contentWindow&&(s.removeAttribute(\"style\"),\"height\"===t.message?(1e3<(r=parseInt(t.value,10))?r=1e3:~~r<200&&(r=200),s.height=r):\"link\"===t.message&&(r=new URL(s.getAttribute(\"src\")),n=new URL(t.value),c.test(n.protocol))&&n.host===r.host&&l.activeElement===s&&(d.top.location.href=t.value))}},d.addEventListener(\"message\",d.wp.receiveEmbedMessage,!1),l.addEventListener(\"DOMContentLoaded\",function(){for(var e,t,s=l.querySelectorAll(\"iframe.wp-embedded-content\"),r=0;r<s.length;r++)(t=(e=s[r]).getAttribute(\"data-secret\"))||(t=Math.random().toString(36).substring(2,12),e.src+=\"#?secret=\"+t,e.setAttribute(\"data-secret\",t)),e.contentWindow.postMessage({message:\"ready\",secret:t},\"*\")},!1)))}(window,document);\n\/\/# sourceURL=https:\/\/blogg.svenskakyrkan.se\/vandravagen\/wp-includes\/js\/wp-embed.min.js\n\/* ]]> *\/\n<\/script>\n","thumbnail_url":"https:\/\/blogg.svenskakyrkan.se\/vandravagen\/files\/2019\/06\/durer_descent_smallpssn_grt-768x1016.jpg","thumbnail_width":600,"thumbnail_height":794,"description":"Glad s\u00f6ndag och h\u00e4nryckt pingst k\u00e4ra l\u00e4sare! 2. Idag ska jag leda pingstgudstj\u00e4nst i Dalstorp \u00a0(11) med gospelk\u00f6r och allt, och sedan \u00e4r det sommarfest efter\u00e5t med mat och en hel h\u00f6g m\u00e4rkliga inslag. Kommer du dit s\u00e5 ses vi! 3. Och s\u00e5 ska jag d\u00f6pa ett litet barn i min egen sl\u00e4kt p\u00e5 eftermiddagen. [&hellip;]"}