{"version":"1.0","provider_name":"Vandra V\u00e4gen","provider_url":"https:\/\/blogg.svenskakyrkan.se\/vandravagen","author_name":"Tomas Jarvid","author_url":"https:\/\/blogg.svenskakyrkan.se\/vandravagen\/author\/vandravagen\/","title":"Sommaravslutning och att rita i sanden - Vandra V\u00e4gen","type":"rich","width":600,"height":338,"html":"<blockquote class=\"wp-embedded-content\" data-secret=\"8teRTEFel6\"><a href=\"https:\/\/blogg.svenskakyrkan.se\/vandravagen\/2019\/06\/15\/sommaravslutning-och-att-rita-i-sanden\/\">Sommaravslutning och att rita i sanden<\/a><\/blockquote><iframe sandbox=\"allow-scripts\" security=\"restricted\" src=\"https:\/\/blogg.svenskakyrkan.se\/vandravagen\/2019\/06\/15\/sommaravslutning-och-att-rita-i-sanden\/embed\/#?secret=8teRTEFel6\" width=\"600\" height=\"338\" title=\"\u201dSommaravslutning och att rita i sanden\u201d &ndash; Vandra V\u00e4gen\" data-secret=\"8teRTEFel6\" frameborder=\"0\" marginwidth=\"0\" marginheight=\"0\" scrolling=\"no\" class=\"wp-embedded-content\"><\/iframe><script type=\"text\/javascript\">\n\/* <![CDATA[ *\/\n\/*! This file is auto-generated *\/\n!function(d,l){\"use strict\";l.querySelector&&d.addEventListener&&\"undefined\"!=typeof URL&&(d.wp=d.wp||{},d.wp.receiveEmbedMessage||(d.wp.receiveEmbedMessage=function(e){var t=e.data;if((t||t.secret||t.message||t.value)&&!\/[^a-zA-Z0-9]\/.test(t.secret)){for(var s,r,n,a=l.querySelectorAll('iframe[data-secret=\"'+t.secret+'\"]'),o=l.querySelectorAll('blockquote[data-secret=\"'+t.secret+'\"]'),c=new RegExp(\"^https?:$\",\"i\"),i=0;i<o.length;i++)o[i].style.display=\"none\";for(i=0;i<a.length;i++)s=a[i],e.source===s.contentWindow&&(s.removeAttribute(\"style\"),\"height\"===t.message?(1e3<(r=parseInt(t.value,10))?r=1e3:~~r<200&&(r=200),s.height=r):\"link\"===t.message&&(r=new URL(s.getAttribute(\"src\")),n=new URL(t.value),c.test(n.protocol))&&n.host===r.host&&l.activeElement===s&&(d.top.location.href=t.value))}},d.addEventListener(\"message\",d.wp.receiveEmbedMessage,!1),l.addEventListener(\"DOMContentLoaded\",function(){for(var e,t,s=l.querySelectorAll(\"iframe.wp-embedded-content\"),r=0;r<s.length;r++)(t=(e=s[r]).getAttribute(\"data-secret\"))||(t=Math.random().toString(36).substring(2,12),e.src+=\"#?secret=\"+t,e.setAttribute(\"data-secret\",t)),e.contentWindow.postMessage({message:\"ready\",secret:t},\"*\")},!1)))}(window,document);\n\/\/# sourceURL=https:\/\/blogg.svenskakyrkan.se\/vandravagen\/wp-includes\/js\/wp-embed.min.js\n\/* ]]> *\/\n<\/script>\n","thumbnail_url":"https:\/\/blogg.svenskakyrkan.se\/vandravagen\/files\/2019\/06\/the-stoning-final1-768x664.jpg","thumbnail_width":600,"thumbnail_height":519,"description":"Ig\u00e5r var det skolavslutningar \u00e4ven i Dalstorp, som p\u00e5 s\u00e5 m\u00e5nga platser i Sverige just nu. Jag brukar f\u00f6rs\u00f6ka ber\u00e4tta n\u00e5gon enkel men bra ber\u00e4ttelse, utan att p\u00e5 n\u00e5got s\u00e4tt ge mig in p\u00e5 saker som kan ge rektorn problem eller s\u00e5. Skolavslutningarna \u00e4r ju trots allt inga gudstj\u00e4nster s\u00e5 i vanlig ordning anpassar jag [&hellip;]"}