{"version":"1.0","provider_name":"Vandra V\u00e4gen","provider_url":"https:\/\/blogg.svenskakyrkan.se\/vandravagen","author_name":"Tomas Jarvid","author_url":"https:\/\/blogg.svenskakyrkan.se\/vandravagen\/author\/vandravagen\/","title":"En andlig verklighet - Vandra V\u00e4gen","type":"rich","width":600,"height":338,"html":"<blockquote class=\"wp-embedded-content\" data-secret=\"V33TfDILky\"><a href=\"https:\/\/blogg.svenskakyrkan.se\/vandravagen\/2019\/07\/16\/en-andlig-verklighet\/\">En andlig verklighet<\/a><\/blockquote><iframe sandbox=\"allow-scripts\" security=\"restricted\" src=\"https:\/\/blogg.svenskakyrkan.se\/vandravagen\/2019\/07\/16\/en-andlig-verklighet\/embed\/#?secret=V33TfDILky\" width=\"600\" height=\"338\" title=\"\u201dEn andlig verklighet\u201d &ndash; Vandra V\u00e4gen\" data-secret=\"V33TfDILky\" frameborder=\"0\" marginwidth=\"0\" marginheight=\"0\" scrolling=\"no\" class=\"wp-embedded-content\"><\/iframe><script type=\"text\/javascript\">\n\/* <![CDATA[ *\/\n\/*! This file is auto-generated *\/\n!function(d,l){\"use strict\";l.querySelector&&d.addEventListener&&\"undefined\"!=typeof URL&&(d.wp=d.wp||{},d.wp.receiveEmbedMessage||(d.wp.receiveEmbedMessage=function(e){var t=e.data;if((t||t.secret||t.message||t.value)&&!\/[^a-zA-Z0-9]\/.test(t.secret)){for(var s,r,n,a=l.querySelectorAll('iframe[data-secret=\"'+t.secret+'\"]'),o=l.querySelectorAll('blockquote[data-secret=\"'+t.secret+'\"]'),c=new RegExp(\"^https?:$\",\"i\"),i=0;i<o.length;i++)o[i].style.display=\"none\";for(i=0;i<a.length;i++)s=a[i],e.source===s.contentWindow&&(s.removeAttribute(\"style\"),\"height\"===t.message?(1e3<(r=parseInt(t.value,10))?r=1e3:~~r<200&&(r=200),s.height=r):\"link\"===t.message&&(r=new URL(s.getAttribute(\"src\")),n=new URL(t.value),c.test(n.protocol))&&n.host===r.host&&l.activeElement===s&&(d.top.location.href=t.value))}},d.addEventListener(\"message\",d.wp.receiveEmbedMessage,!1),l.addEventListener(\"DOMContentLoaded\",function(){for(var e,t,s=l.querySelectorAll(\"iframe.wp-embedded-content\"),r=0;r<s.length;r++)(t=(e=s[r]).getAttribute(\"data-secret\"))||(t=Math.random().toString(36).substring(2,12),e.src+=\"#?secret=\"+t,e.setAttribute(\"data-secret\",t)),e.contentWindow.postMessage({message:\"ready\",secret:t},\"*\")},!1)))}(window,document);\n\/\/# sourceURL=https:\/\/blogg.svenskakyrkan.se\/vandravagen\/wp-includes\/js\/wp-embed.min.js\n\/* ]]> *\/\n<\/script>\n","thumbnail_url":"https:\/\/blogg.svenskakyrkan.se\/vandravagen\/files\/2019\/07\/ruach.jpg","thumbnail_width":257,"thumbnail_height":161,"description":"Dagens bloggpost \u00e4r en dikt, om en andlig verklighet. Hoppas den \u00e4r till gl\u00e4dje f\u00f6r dig. &nbsp; En andlig verklighet Att t\u00e4nka p\u00e5 en andlig verklighet k\u00e4nns ofta s\u00e5 overkligt. Det s\u00e4gs s\u00e5 mycket och hj\u00e4rtat beh\u00f6ver stadig grund. Jag ser p\u00e5 \u00e4ngens blommor livet fyller dem och de v\u00e4xer \u00e4r inte livskraften verklig? Och [&hellip;]"}