{"version":"1.0","provider_name":"Vandra V\u00e4gen","provider_url":"https:\/\/blogg.svenskakyrkan.se\/vandravagen","author_name":"Tomas Jarvid","author_url":"https:\/\/blogg.svenskakyrkan.se\/vandravagen\/author\/vandravagen\/","title":"En pr\u00e4st l\u00e4ser Rasmus p\u00e5 luffen - Vandra V\u00e4gen","type":"rich","width":600,"height":338,"html":"<blockquote class=\"wp-embedded-content\" data-secret=\"gyFEiTCvSp\"><a href=\"https:\/\/blogg.svenskakyrkan.se\/vandravagen\/2019\/07\/22\/en-prast-laser-rasmus-pa-luffen\/\">En pr\u00e4st l\u00e4ser Rasmus p\u00e5 luffen<\/a><\/blockquote><iframe sandbox=\"allow-scripts\" security=\"restricted\" src=\"https:\/\/blogg.svenskakyrkan.se\/vandravagen\/2019\/07\/22\/en-prast-laser-rasmus-pa-luffen\/embed\/#?secret=gyFEiTCvSp\" width=\"600\" height=\"338\" title=\"\u201dEn pr\u00e4st l\u00e4ser Rasmus p\u00e5 luffen\u201d &ndash; Vandra V\u00e4gen\" data-secret=\"gyFEiTCvSp\" frameborder=\"0\" marginwidth=\"0\" marginheight=\"0\" scrolling=\"no\" class=\"wp-embedded-content\"><\/iframe><script type=\"text\/javascript\">\n\/* <![CDATA[ *\/\n\/*! This file is auto-generated *\/\n!function(d,l){\"use strict\";l.querySelector&&d.addEventListener&&\"undefined\"!=typeof URL&&(d.wp=d.wp||{},d.wp.receiveEmbedMessage||(d.wp.receiveEmbedMessage=function(e){var t=e.data;if((t||t.secret||t.message||t.value)&&!\/[^a-zA-Z0-9]\/.test(t.secret)){for(var s,r,n,a=l.querySelectorAll('iframe[data-secret=\"'+t.secret+'\"]'),o=l.querySelectorAll('blockquote[data-secret=\"'+t.secret+'\"]'),c=new RegExp(\"^https?:$\",\"i\"),i=0;i<o.length;i++)o[i].style.display=\"none\";for(i=0;i<a.length;i++)s=a[i],e.source===s.contentWindow&&(s.removeAttribute(\"style\"),\"height\"===t.message?(1e3<(r=parseInt(t.value,10))?r=1e3:~~r<200&&(r=200),s.height=r):\"link\"===t.message&&(r=new URL(s.getAttribute(\"src\")),n=new URL(t.value),c.test(n.protocol))&&n.host===r.host&&l.activeElement===s&&(d.top.location.href=t.value))}},d.addEventListener(\"message\",d.wp.receiveEmbedMessage,!1),l.addEventListener(\"DOMContentLoaded\",function(){for(var e,t,s=l.querySelectorAll(\"iframe.wp-embedded-content\"),r=0;r<s.length;r++)(t=(e=s[r]).getAttribute(\"data-secret\"))||(t=Math.random().toString(36).substring(2,12),e.src+=\"#?secret=\"+t,e.setAttribute(\"data-secret\",t)),e.contentWindow.postMessage({message:\"ready\",secret:t},\"*\")},!1)))}(window,document);\n\/\/# sourceURL=https:\/\/blogg.svenskakyrkan.se\/vandravagen\/wp-includes\/js\/wp-embed.min.js\n\/* ]]> *\/\n<\/script>\n","thumbnail_url":"https:\/\/blogg.svenskakyrkan.se\/vandravagen\/files\/2019\/07\/rasmus-768x800.jpg","thumbnail_width":600,"thumbnail_height":625,"description":"Nu har jag l\u00e4st \u00e4nnu en bra bok med barnen. Rasmus p\u00e5 luffen f\u00f6r att vara exakt. Jag hade i minnet r\u00e4tt vaga id\u00e9er om handlingen mer \u00e4n att han rymmer fr\u00e5n barnhemmet, att det \u00e4r n\u00e5got med bovar och att han f\u00e5r ett hem till slut p\u00e5 slutet. Det \u00e4r ju faktiskt ocks\u00e5 precis [&hellip;]"}