{"version":"1.0","provider_name":"Vandra V\u00e4gen","provider_url":"https:\/\/blogg.svenskakyrkan.se\/vandravagen","author_name":"Tomas Jarvid","author_url":"https:\/\/blogg.svenskakyrkan.se\/vandravagen\/author\/vandravagen\/","title":"Ett fotf\u00e4ste -poesi p\u00e5 Vandra V\u00e4gen - Vandra V\u00e4gen","type":"rich","width":600,"height":338,"html":"<blockquote class=\"wp-embedded-content\" data-secret=\"6t8z2oCyB1\"><a href=\"https:\/\/blogg.svenskakyrkan.se\/vandravagen\/2019\/08\/23\/ett-fotfaste-poesi-pa-vandra-vagen\/\">Ett fotf\u00e4ste -poesi p\u00e5 Vandra V\u00e4gen<\/a><\/blockquote><iframe sandbox=\"allow-scripts\" security=\"restricted\" src=\"https:\/\/blogg.svenskakyrkan.se\/vandravagen\/2019\/08\/23\/ett-fotfaste-poesi-pa-vandra-vagen\/embed\/#?secret=6t8z2oCyB1\" width=\"600\" height=\"338\" title=\"\u201dEtt fotf\u00e4ste -poesi p\u00e5 Vandra V\u00e4gen\u201d &ndash; Vandra V\u00e4gen\" data-secret=\"6t8z2oCyB1\" frameborder=\"0\" marginwidth=\"0\" marginheight=\"0\" scrolling=\"no\" class=\"wp-embedded-content\"><\/iframe><script type=\"text\/javascript\">\n\/* <![CDATA[ *\/\n\/*! This file is auto-generated *\/\n!function(d,l){\"use strict\";l.querySelector&&d.addEventListener&&\"undefined\"!=typeof URL&&(d.wp=d.wp||{},d.wp.receiveEmbedMessage||(d.wp.receiveEmbedMessage=function(e){var t=e.data;if((t||t.secret||t.message||t.value)&&!\/[^a-zA-Z0-9]\/.test(t.secret)){for(var s,r,n,a=l.querySelectorAll('iframe[data-secret=\"'+t.secret+'\"]'),o=l.querySelectorAll('blockquote[data-secret=\"'+t.secret+'\"]'),c=new RegExp(\"^https?:$\",\"i\"),i=0;i<o.length;i++)o[i].style.display=\"none\";for(i=0;i<a.length;i++)s=a[i],e.source===s.contentWindow&&(s.removeAttribute(\"style\"),\"height\"===t.message?(1e3<(r=parseInt(t.value,10))?r=1e3:~~r<200&&(r=200),s.height=r):\"link\"===t.message&&(r=new URL(s.getAttribute(\"src\")),n=new URL(t.value),c.test(n.protocol))&&n.host===r.host&&l.activeElement===s&&(d.top.location.href=t.value))}},d.addEventListener(\"message\",d.wp.receiveEmbedMessage,!1),l.addEventListener(\"DOMContentLoaded\",function(){for(var e,t,s=l.querySelectorAll(\"iframe.wp-embedded-content\"),r=0;r<s.length;r++)(t=(e=s[r]).getAttribute(\"data-secret\"))||(t=Math.random().toString(36).substring(2,12),e.src+=\"#?secret=\"+t,e.setAttribute(\"data-secret\",t)),e.contentWindow.postMessage({message:\"ready\",secret:t},\"*\")},!1)))}(window,document);\n\/\/# sourceURL=https:\/\/blogg.svenskakyrkan.se\/vandravagen\/wp-includes\/js\/wp-embed.min.js\n\/* ]]> *\/\n<\/script>\n","thumbnail_url":"https:\/\/blogg.svenskakyrkan.se\/vandravagen\/files\/2019\/08\/IMG_7127.jpg","thumbnail_width":600,"thumbnail_height":488,"description":"Jag har lurat lite p\u00e5 den h\u00e4r dikten sedan det var textl\u00e4sning i kyrkan h\u00e4rom veckan med Jesu liknelse om huset p\u00e5 sanden och det p\u00e5 berggrunden. Sedan har tankarna tagit sina egna v\u00e4gar som vanligt. Hoppas den \u00e4r till gl\u00e4dje f\u00f6r dig. Ett fotf\u00e4ste En vis man byggde sitt liv s\u00e5 att det t\u00e5lde [&hellip;]"}