{"version":"1.0","provider_name":"Vandra V\u00e4gen","provider_url":"https:\/\/blogg.svenskakyrkan.se\/vandravagen","author_name":"Tomas Jarvid","author_url":"https:\/\/blogg.svenskakyrkan.se\/vandravagen\/author\/vandravagen\/","title":"9 blandade tankar p\u00e5 s\u00f6ndagen - Vandra V\u00e4gen","type":"rich","width":600,"height":338,"html":"<blockquote class=\"wp-embedded-content\" data-secret=\"BMvmXknYV1\"><a href=\"https:\/\/blogg.svenskakyrkan.se\/vandravagen\/2020\/01\/19\/9-blandade-tankar-pa-sondagen-102\/\">9 blandade tankar p\u00e5 s\u00f6ndagen<\/a><\/blockquote><iframe sandbox=\"allow-scripts\" security=\"restricted\" src=\"https:\/\/blogg.svenskakyrkan.se\/vandravagen\/2020\/01\/19\/9-blandade-tankar-pa-sondagen-102\/embed\/#?secret=BMvmXknYV1\" width=\"600\" height=\"338\" title=\"\u201d9 blandade tankar p\u00e5 s\u00f6ndagen\u201d &ndash; Vandra V\u00e4gen\" data-secret=\"BMvmXknYV1\" frameborder=\"0\" marginwidth=\"0\" marginheight=\"0\" scrolling=\"no\" class=\"wp-embedded-content\"><\/iframe><script type=\"text\/javascript\">\n\/* <![CDATA[ *\/\n\/*! This file is auto-generated *\/\n!function(d,l){\"use strict\";l.querySelector&&d.addEventListener&&\"undefined\"!=typeof URL&&(d.wp=d.wp||{},d.wp.receiveEmbedMessage||(d.wp.receiveEmbedMessage=function(e){var t=e.data;if((t||t.secret||t.message||t.value)&&!\/[^a-zA-Z0-9]\/.test(t.secret)){for(var s,r,n,a=l.querySelectorAll('iframe[data-secret=\"'+t.secret+'\"]'),o=l.querySelectorAll('blockquote[data-secret=\"'+t.secret+'\"]'),c=new RegExp(\"^https?:$\",\"i\"),i=0;i<o.length;i++)o[i].style.display=\"none\";for(i=0;i<a.length;i++)s=a[i],e.source===s.contentWindow&&(s.removeAttribute(\"style\"),\"height\"===t.message?(1e3<(r=parseInt(t.value,10))?r=1e3:~~r<200&&(r=200),s.height=r):\"link\"===t.message&&(r=new URL(s.getAttribute(\"src\")),n=new URL(t.value),c.test(n.protocol))&&n.host===r.host&&l.activeElement===s&&(d.top.location.href=t.value))}},d.addEventListener(\"message\",d.wp.receiveEmbedMessage,!1),l.addEventListener(\"DOMContentLoaded\",function(){for(var e,t,s=l.querySelectorAll(\"iframe.wp-embedded-content\"),r=0;r<s.length;r++)(t=(e=s[r]).getAttribute(\"data-secret\"))||(t=Math.random().toString(36).substring(2,12),e.src+=\"#?secret=\"+t,e.setAttribute(\"data-secret\",t)),e.contentWindow.postMessage({message:\"ready\",secret:t},\"*\")},!1)))}(window,document);\n\/\/# sourceURL=https:\/\/blogg.svenskakyrkan.se\/vandravagen\/wp-includes\/js\/wp-embed.min.js\n\/* ]]> *\/\n<\/script>\n","thumbnail_url":"https:\/\/blogg.svenskakyrkan.se\/vandravagen\/files\/2020\/01\/IMG_0044-768x576.jpg","thumbnail_width":600,"thumbnail_height":450,"description":"Glad s\u00f6ndag k\u00e4ra l\u00e4sare! 2. Idag ska jag leda gudstj\u00e4nst i Ljungsarp 9 och i Dalstorp 11, v\u00e4lkommen dit s\u00e5 ses vi! Jag ska ocks\u00e5 d\u00f6pa en liten pojke s\u00e5 det \u00e4r mycket fint som h\u00e4nder idag. 3. Jag ska ocks\u00e5 predika f\u00f6rst\u00e5, temat f\u00f6r dagens texter \u00e4r &#8221;livets k\u00e4lla&#8221; och jag tycker det har [&hellip;]"}