{"version":"1.0","provider_name":"Vandra V\u00e4gen","provider_url":"https:\/\/blogg.svenskakyrkan.se\/vandravagen","author_name":"Tomas Jarvid","author_url":"https:\/\/blogg.svenskakyrkan.se\/vandravagen\/author\/vandravagen\/","title":"Tvivla p\u00e5 dina tvivel - Vandra V\u00e4gen","type":"rich","width":600,"height":338,"html":"<blockquote class=\"wp-embedded-content\" data-secret=\"91AUc5D6Lh\"><a href=\"https:\/\/blogg.svenskakyrkan.se\/vandravagen\/2020\/03\/18\/tvivla-pa-dina-tvivel\/\">Tvivla p\u00e5 dina tvivel<\/a><\/blockquote><iframe sandbox=\"allow-scripts\" security=\"restricted\" src=\"https:\/\/blogg.svenskakyrkan.se\/vandravagen\/2020\/03\/18\/tvivla-pa-dina-tvivel\/embed\/#?secret=91AUc5D6Lh\" width=\"600\" height=\"338\" title=\"\u201dTvivla p\u00e5 dina tvivel\u201d &ndash; Vandra V\u00e4gen\" data-secret=\"91AUc5D6Lh\" frameborder=\"0\" marginwidth=\"0\" marginheight=\"0\" scrolling=\"no\" class=\"wp-embedded-content\"><\/iframe><script type=\"text\/javascript\">\n\/* <![CDATA[ *\/\n\/*! This file is auto-generated *\/\n!function(d,l){\"use strict\";l.querySelector&&d.addEventListener&&\"undefined\"!=typeof URL&&(d.wp=d.wp||{},d.wp.receiveEmbedMessage||(d.wp.receiveEmbedMessage=function(e){var t=e.data;if((t||t.secret||t.message||t.value)&&!\/[^a-zA-Z0-9]\/.test(t.secret)){for(var s,r,n,a=l.querySelectorAll('iframe[data-secret=\"'+t.secret+'\"]'),o=l.querySelectorAll('blockquote[data-secret=\"'+t.secret+'\"]'),c=new RegExp(\"^https?:$\",\"i\"),i=0;i<o.length;i++)o[i].style.display=\"none\";for(i=0;i<a.length;i++)s=a[i],e.source===s.contentWindow&&(s.removeAttribute(\"style\"),\"height\"===t.message?(1e3<(r=parseInt(t.value,10))?r=1e3:~~r<200&&(r=200),s.height=r):\"link\"===t.message&&(r=new URL(s.getAttribute(\"src\")),n=new URL(t.value),c.test(n.protocol))&&n.host===r.host&&l.activeElement===s&&(d.top.location.href=t.value))}},d.addEventListener(\"message\",d.wp.receiveEmbedMessage,!1),l.addEventListener(\"DOMContentLoaded\",function(){for(var e,t,s=l.querySelectorAll(\"iframe.wp-embedded-content\"),r=0;r<s.length;r++)(t=(e=s[r]).getAttribute(\"data-secret\"))||(t=Math.random().toString(36).substring(2,12),e.src+=\"#?secret=\"+t,e.setAttribute(\"data-secret\",t)),e.contentWindow.postMessage({message:\"ready\",secret:t},\"*\")},!1)))}(window,document);\n\/\/# sourceURL=https:\/\/blogg.svenskakyrkan.se\/vandravagen\/wp-includes\/js\/wp-embed.min.js\n\/* ]]> *\/\n<\/script>\n","thumbnail_url":"https:\/\/blogg.svenskakyrkan.se\/vandravagen\/files\/2020\/03\/IMG_2682.jpg","thumbnail_width":908,"thumbnail_height":1304,"description":"Nyligen publicerades den h\u00e4r texten om tvivel p\u00e5 Svenska kyrkans stora blogg &#8221;tankar inf\u00f6r helgen&#8221;. Jag t\u00e4nker mig att jag kanske har l\u00e4sare som inte l\u00e4ser den s\u00e5 h\u00e4r \u00e4r samma text en g\u00e5ng till. Hoppas den \u00e4r till gl\u00e4dje f\u00f6r dig! Tvivla p\u00e5 dina tvivel En pappa kom till Jesus f\u00f6r att be om [&hellip;]"}