{"version":"1.0","provider_name":"Vandra V\u00e4gen","provider_url":"https:\/\/blogg.svenskakyrkan.se\/vandravagen","author_name":"Tomas Jarvid","author_url":"https:\/\/blogg.svenskakyrkan.se\/vandravagen\/author\/vandravagen\/","title":"En pr\u00e4st l\u00e4ser om de geniala v\u00e4xterna - Vandra V\u00e4gen","type":"rich","width":600,"height":338,"html":"<blockquote class=\"wp-embedded-content\" data-secret=\"7UFNYKiMPm\"><a href=\"https:\/\/blogg.svenskakyrkan.se\/vandravagen\/2020\/10\/01\/en-prast-laser-om-de-geniala-vaxterna\/\">En pr\u00e4st l\u00e4ser om de geniala v\u00e4xterna<\/a><\/blockquote><iframe sandbox=\"allow-scripts\" security=\"restricted\" src=\"https:\/\/blogg.svenskakyrkan.se\/vandravagen\/2020\/10\/01\/en-prast-laser-om-de-geniala-vaxterna\/embed\/#?secret=7UFNYKiMPm\" width=\"600\" height=\"338\" title=\"\u201dEn pr\u00e4st l\u00e4ser om de geniala v\u00e4xterna\u201d &ndash; Vandra V\u00e4gen\" data-secret=\"7UFNYKiMPm\" frameborder=\"0\" marginwidth=\"0\" marginheight=\"0\" scrolling=\"no\" class=\"wp-embedded-content\"><\/iframe><script type=\"text\/javascript\">\n\/* <![CDATA[ *\/\n\/*! This file is auto-generated *\/\n!function(d,l){\"use strict\";l.querySelector&&d.addEventListener&&\"undefined\"!=typeof URL&&(d.wp=d.wp||{},d.wp.receiveEmbedMessage||(d.wp.receiveEmbedMessage=function(e){var t=e.data;if((t||t.secret||t.message||t.value)&&!\/[^a-zA-Z0-9]\/.test(t.secret)){for(var s,r,n,a=l.querySelectorAll('iframe[data-secret=\"'+t.secret+'\"]'),o=l.querySelectorAll('blockquote[data-secret=\"'+t.secret+'\"]'),c=new RegExp(\"^https?:$\",\"i\"),i=0;i<o.length;i++)o[i].style.display=\"none\";for(i=0;i<a.length;i++)s=a[i],e.source===s.contentWindow&&(s.removeAttribute(\"style\"),\"height\"===t.message?(1e3<(r=parseInt(t.value,10))?r=1e3:~~r<200&&(r=200),s.height=r):\"link\"===t.message&&(r=new URL(s.getAttribute(\"src\")),n=new URL(t.value),c.test(n.protocol))&&n.host===r.host&&l.activeElement===s&&(d.top.location.href=t.value))}},d.addEventListener(\"message\",d.wp.receiveEmbedMessage,!1),l.addEventListener(\"DOMContentLoaded\",function(){for(var e,t,s=l.querySelectorAll(\"iframe.wp-embedded-content\"),r=0;r<s.length;r++)(t=(e=s[r]).getAttribute(\"data-secret\"))||(t=Math.random().toString(36).substring(2,12),e.src+=\"#?secret=\"+t,e.setAttribute(\"data-secret\",t)),e.contentWindow.postMessage({message:\"ready\",secret:t},\"*\")},!1)))}(window,document);\n\/\/# sourceURL=https:\/\/blogg.svenskakyrkan.se\/vandravagen\/wp-includes\/js\/wp-embed.min.js\n\/* ]]> *\/\n<\/script>\n","thumbnail_url":"https:\/\/blogg.svenskakyrkan.se\/vandravagen\/files\/2020\/09\/plants.jpg","thumbnail_width":750,"thumbnail_height":788,"description":"Det \u00e4r ett tag sedan jag skrev om n\u00e5gon bok h\u00e4r. \u00c5terkommande f\u00f6rs\u00f6ker jag l\u00e4ra mig mer om v\u00e4xter och djur och ormbunkar och lavar och s\u00e5dant. Nu har jag lyssnat p\u00e5 en riktigt fascinerande bok om grunden f\u00f6r v\u00e5ra liv, de gr\u00f6na v\u00e4xterna. Vi m\u00e4nniskor missf\u00f6rst\u00e5r l\u00e4tt v\u00e4xterna och ser dem som passiva offer [&hellip;]"}