{"version":"1.0","provider_name":"Vandra V\u00e4gen","provider_url":"https:\/\/blogg.svenskakyrkan.se\/vandravagen","author_name":"Tomas Jarvid","author_url":"https:\/\/blogg.svenskakyrkan.se\/vandravagen\/author\/vandravagen\/","title":"En pr\u00e4st l\u00e4ser \"stretch\" -om att sluta jaga - Vandra V\u00e4gen","type":"rich","width":600,"height":338,"html":"<blockquote class=\"wp-embedded-content\" data-secret=\"GI9obwHoTH\"><a href=\"https:\/\/blogg.svenskakyrkan.se\/vandravagen\/2020\/11\/14\/en-prast-laser-stretch-om-att-sluta-jaga\/\">En pr\u00e4st l\u00e4ser &#8221;stretch&#8221; -om att sluta jaga<\/a><\/blockquote><iframe sandbox=\"allow-scripts\" security=\"restricted\" src=\"https:\/\/blogg.svenskakyrkan.se\/vandravagen\/2020\/11\/14\/en-prast-laser-stretch-om-att-sluta-jaga\/embed\/#?secret=GI9obwHoTH\" width=\"600\" height=\"338\" title=\"\u201dEn pr\u00e4st l\u00e4ser &#8221;stretch&#8221; -om att sluta jaga\u201d &ndash; Vandra V\u00e4gen\" data-secret=\"GI9obwHoTH\" frameborder=\"0\" marginwidth=\"0\" marginheight=\"0\" scrolling=\"no\" class=\"wp-embedded-content\"><\/iframe><script type=\"text\/javascript\">\n\/* <![CDATA[ *\/\n\/*! This file is auto-generated *\/\n!function(d,l){\"use strict\";l.querySelector&&d.addEventListener&&\"undefined\"!=typeof URL&&(d.wp=d.wp||{},d.wp.receiveEmbedMessage||(d.wp.receiveEmbedMessage=function(e){var t=e.data;if((t||t.secret||t.message||t.value)&&!\/[^a-zA-Z0-9]\/.test(t.secret)){for(var s,r,n,a=l.querySelectorAll('iframe[data-secret=\"'+t.secret+'\"]'),o=l.querySelectorAll('blockquote[data-secret=\"'+t.secret+'\"]'),c=new RegExp(\"^https?:$\",\"i\"),i=0;i<o.length;i++)o[i].style.display=\"none\";for(i=0;i<a.length;i++)s=a[i],e.source===s.contentWindow&&(s.removeAttribute(\"style\"),\"height\"===t.message?(1e3<(r=parseInt(t.value,10))?r=1e3:~~r<200&&(r=200),s.height=r):\"link\"===t.message&&(r=new URL(s.getAttribute(\"src\")),n=new URL(t.value),c.test(n.protocol))&&n.host===r.host&&l.activeElement===s&&(d.top.location.href=t.value))}},d.addEventListener(\"message\",d.wp.receiveEmbedMessage,!1),l.addEventListener(\"DOMContentLoaded\",function(){for(var e,t,s=l.querySelectorAll(\"iframe.wp-embedded-content\"),r=0;r<s.length;r++)(t=(e=s[r]).getAttribute(\"data-secret\"))||(t=Math.random().toString(36).substring(2,12),e.src+=\"#?secret=\"+t,e.setAttribute(\"data-secret\",t)),e.contentWindow.postMessage({message:\"ready\",secret:t},\"*\")},!1)))}(window,document);\n\/\/# sourceURL=https:\/\/blogg.svenskakyrkan.se\/vandravagen\/wp-includes\/js\/wp-embed.min.js\n\/* ]]> *\/\n<\/script>\n","thumbnail_url":"https:\/\/blogg.svenskakyrkan.se\/vandravagen\/files\/2020\/11\/stretch.jpg","thumbnail_width":750,"thumbnail_height":893,"description":"Jag har l\u00e4st den h\u00e4r boken, &#8221;Stretch&#8221; av Scott Sonenshein. Det \u00e4r p\u00e5 s\u00e4tt och vis en bok med mycket businessfokus men sj\u00e4lva \u00e4mnet \u00e4r v\u00e4ldigt allm\u00e4nm\u00e4nskligt. Den som har lite resurser f\u00e5r v\u00e4nda och vrida p\u00e5 slantarna, och ocks\u00e5 fundera kreativt p\u00e5 sina andra tillg\u00e5ngar och hur de kan komma till nytta. Motsatsen r\u00e5der [&hellip;]"}