{"version":"1.0","provider_name":"Vandra V\u00e4gen","provider_url":"https:\/\/blogg.svenskakyrkan.se\/vandravagen","author_name":"Tomas Jarvid","author_url":"https:\/\/blogg.svenskakyrkan.se\/vandravagen\/author\/vandravagen\/","title":"God jul fr\u00e5n Vandra V\u00e4gen! - Vandra V\u00e4gen","type":"rich","width":600,"height":338,"html":"<blockquote class=\"wp-embedded-content\" data-secret=\"B6rUMzomtE\"><a href=\"https:\/\/blogg.svenskakyrkan.se\/vandravagen\/2020\/12\/24\/god-jul-fran-vandra-vagen-3\/\">God jul fr\u00e5n Vandra V\u00e4gen!<\/a><\/blockquote><iframe sandbox=\"allow-scripts\" security=\"restricted\" src=\"https:\/\/blogg.svenskakyrkan.se\/vandravagen\/2020\/12\/24\/god-jul-fran-vandra-vagen-3\/embed\/#?secret=B6rUMzomtE\" width=\"600\" height=\"338\" title=\"\u201dGod jul fr\u00e5n Vandra V\u00e4gen!\u201d &ndash; Vandra V\u00e4gen\" data-secret=\"B6rUMzomtE\" frameborder=\"0\" marginwidth=\"0\" marginheight=\"0\" scrolling=\"no\" class=\"wp-embedded-content\"><\/iframe><script type=\"text\/javascript\">\n\/* <![CDATA[ *\/\n\/*! This file is auto-generated *\/\n!function(d,l){\"use strict\";l.querySelector&&d.addEventListener&&\"undefined\"!=typeof URL&&(d.wp=d.wp||{},d.wp.receiveEmbedMessage||(d.wp.receiveEmbedMessage=function(e){var t=e.data;if((t||t.secret||t.message||t.value)&&!\/[^a-zA-Z0-9]\/.test(t.secret)){for(var s,r,n,a=l.querySelectorAll('iframe[data-secret=\"'+t.secret+'\"]'),o=l.querySelectorAll('blockquote[data-secret=\"'+t.secret+'\"]'),c=new RegExp(\"^https?:$\",\"i\"),i=0;i<o.length;i++)o[i].style.display=\"none\";for(i=0;i<a.length;i++)s=a[i],e.source===s.contentWindow&&(s.removeAttribute(\"style\"),\"height\"===t.message?(1e3<(r=parseInt(t.value,10))?r=1e3:~~r<200&&(r=200),s.height=r):\"link\"===t.message&&(r=new URL(s.getAttribute(\"src\")),n=new URL(t.value),c.test(n.protocol))&&n.host===r.host&&l.activeElement===s&&(d.top.location.href=t.value))}},d.addEventListener(\"message\",d.wp.receiveEmbedMessage,!1),l.addEventListener(\"DOMContentLoaded\",function(){for(var e,t,s=l.querySelectorAll(\"iframe.wp-embedded-content\"),r=0;r<s.length;r++)(t=(e=s[r]).getAttribute(\"data-secret\"))||(t=Math.random().toString(36).substring(2,12),e.src+=\"#?secret=\"+t,e.setAttribute(\"data-secret\",t)),e.contentWindow.postMessage({message:\"ready\",secret:t},\"*\")},!1)))}(window,document);\n\/\/# sourceURL=https:\/\/blogg.svenskakyrkan.se\/vandravagen\/wp-includes\/js\/wp-embed.min.js\n\/* ]]> *\/\n<\/script>\n","thumbnail_url":"https:\/\/blogg.svenskakyrkan.se\/vandravagen\/files\/2020\/12\/IMG_7398.jpg","thumbnail_width":750,"thumbnail_height":932,"description":"Jag vill f\u00f6rst\u00e5s ta tillf\u00e4llet att \u00f6nska dig k\u00e4ra l\u00e4sare en god och v\u00e4lsignad jul. Jag har inte jobbat p\u00e5 s\u00e5 mycket med bloggen sista tiden f\u00f6r det mesta har g\u00e5tt till att filma en m\u00e4ngd filmer f\u00f6r f\u00f6rsamlingens adventskalender. M\u00e5nga av er har s\u00e4kert sett dem p\u00e5 dalstorps f\u00f6rsamling p\u00e5 Facebook. Med denna vackra [&hellip;]"}