{"version":"1.0","provider_name":"Vandra V\u00e4gen","provider_url":"https:\/\/blogg.svenskakyrkan.se\/vandravagen","author_name":"Tomas Jarvid","author_url":"https:\/\/blogg.svenskakyrkan.se\/vandravagen\/author\/vandravagen\/","title":"Julen med mellan\u00f6sterns glas\u00f6gon - Vandra V\u00e4gen","type":"rich","width":600,"height":338,"html":"<blockquote class=\"wp-embedded-content\" data-secret=\"JyWh8rDkQE\"><a href=\"https:\/\/blogg.svenskakyrkan.se\/vandravagen\/2021\/01\/07\/julen-med-mellanosterns-glasogon\/\">Julen med mellan\u00f6sterns glas\u00f6gon<\/a><\/blockquote><iframe sandbox=\"allow-scripts\" security=\"restricted\" src=\"https:\/\/blogg.svenskakyrkan.se\/vandravagen\/2021\/01\/07\/julen-med-mellanosterns-glasogon\/embed\/#?secret=JyWh8rDkQE\" width=\"600\" height=\"338\" title=\"\u201dJulen med mellan\u00f6sterns glas\u00f6gon\u201d &ndash; Vandra V\u00e4gen\" data-secret=\"JyWh8rDkQE\" frameborder=\"0\" marginwidth=\"0\" marginheight=\"0\" scrolling=\"no\" class=\"wp-embedded-content\"><\/iframe><script type=\"text\/javascript\">\n\/* <![CDATA[ *\/\n\/*! This file is auto-generated *\/\n!function(d,l){\"use strict\";l.querySelector&&d.addEventListener&&\"undefined\"!=typeof URL&&(d.wp=d.wp||{},d.wp.receiveEmbedMessage||(d.wp.receiveEmbedMessage=function(e){var t=e.data;if((t||t.secret||t.message||t.value)&&!\/[^a-zA-Z0-9]\/.test(t.secret)){for(var s,r,n,a=l.querySelectorAll('iframe[data-secret=\"'+t.secret+'\"]'),o=l.querySelectorAll('blockquote[data-secret=\"'+t.secret+'\"]'),c=new RegExp(\"^https?:$\",\"i\"),i=0;i<o.length;i++)o[i].style.display=\"none\";for(i=0;i<a.length;i++)s=a[i],e.source===s.contentWindow&&(s.removeAttribute(\"style\"),\"height\"===t.message?(1e3<(r=parseInt(t.value,10))?r=1e3:~~r<200&&(r=200),s.height=r):\"link\"===t.message&&(r=new URL(s.getAttribute(\"src\")),n=new URL(t.value),c.test(n.protocol))&&n.host===r.host&&l.activeElement===s&&(d.top.location.href=t.value))}},d.addEventListener(\"message\",d.wp.receiveEmbedMessage,!1),l.addEventListener(\"DOMContentLoaded\",function(){for(var e,t,s=l.querySelectorAll(\"iframe.wp-embedded-content\"),r=0;r<s.length;r++)(t=(e=s[r]).getAttribute(\"data-secret\"))||(t=Math.random().toString(36).substring(2,12),e.src+=\"#?secret=\"+t,e.setAttribute(\"data-secret\",t)),e.contentWindow.postMessage({message:\"ready\",secret:t},\"*\")},!1)))}(window,document);\n\/\/# sourceURL=https:\/\/blogg.svenskakyrkan.se\/vandravagen\/wp-includes\/js\/wp-embed.min.js\n\/* ]]> *\/\n<\/script>\n","thumbnail_url":"https:\/\/blogg.svenskakyrkan.se\/vandravagen\/files\/2021\/01\/IMG_7575-rotated.jpg","thumbnail_width":1512,"thumbnail_height":2016,"description":"Det blir alltid lite eftersl\u00e4pning p\u00e5 jultexterna. Det hade s\u00e4kert varit fint att komma med de h\u00e4r bloggposterna F\u00d6RE jul ist\u00e4llet men det \u00e4r ju under julhelgerna som jag brukar funderar p\u00e5 julbudskapet och f\u00f6rs\u00f6ka l\u00e4ra mig n\u00e5got nytt. Jag skrev f\u00f6r ett tag sedan &#8221;En pr\u00e4st l\u00e4ser The First Christmas&#8221; d\u00e4r f\u00f6rfattarna har den [&hellip;]"}