{"version":"1.0","provider_name":"Vandra V\u00e4gen","provider_url":"https:\/\/blogg.svenskakyrkan.se\/vandravagen","author_name":"Tomas Jarvid","author_url":"https:\/\/blogg.svenskakyrkan.se\/vandravagen\/author\/vandravagen\/","title":"11 blandade tankar p\u00e5 (fastlags)s\u00f6ndagen - Vandra V\u00e4gen","type":"rich","width":600,"height":338,"html":"<blockquote class=\"wp-embedded-content\" data-secret=\"T0qb1bQnSn\"><a href=\"https:\/\/blogg.svenskakyrkan.se\/vandravagen\/2021\/02\/14\/11-blandade-tankar-pa-fastlagssondagen\/\">11 blandade tankar p\u00e5 (fastlags)s\u00f6ndagen<\/a><\/blockquote><iframe sandbox=\"allow-scripts\" security=\"restricted\" src=\"https:\/\/blogg.svenskakyrkan.se\/vandravagen\/2021\/02\/14\/11-blandade-tankar-pa-fastlagssondagen\/embed\/#?secret=T0qb1bQnSn\" width=\"600\" height=\"338\" title=\"\u201d11 blandade tankar p\u00e5 (fastlags)s\u00f6ndagen\u201d &ndash; Vandra V\u00e4gen\" data-secret=\"T0qb1bQnSn\" frameborder=\"0\" marginwidth=\"0\" marginheight=\"0\" scrolling=\"no\" class=\"wp-embedded-content\"><\/iframe><script type=\"text\/javascript\">\n\/* <![CDATA[ *\/\n\/*! This file is auto-generated *\/\n!function(d,l){\"use strict\";l.querySelector&&d.addEventListener&&\"undefined\"!=typeof URL&&(d.wp=d.wp||{},d.wp.receiveEmbedMessage||(d.wp.receiveEmbedMessage=function(e){var t=e.data;if((t||t.secret||t.message||t.value)&&!\/[^a-zA-Z0-9]\/.test(t.secret)){for(var s,r,n,a=l.querySelectorAll('iframe[data-secret=\"'+t.secret+'\"]'),o=l.querySelectorAll('blockquote[data-secret=\"'+t.secret+'\"]'),c=new RegExp(\"^https?:$\",\"i\"),i=0;i<o.length;i++)o[i].style.display=\"none\";for(i=0;i<a.length;i++)s=a[i],e.source===s.contentWindow&&(s.removeAttribute(\"style\"),\"height\"===t.message?(1e3<(r=parseInt(t.value,10))?r=1e3:~~r<200&&(r=200),s.height=r):\"link\"===t.message&&(r=new URL(s.getAttribute(\"src\")),n=new URL(t.value),c.test(n.protocol))&&n.host===r.host&&l.activeElement===s&&(d.top.location.href=t.value))}},d.addEventListener(\"message\",d.wp.receiveEmbedMessage,!1),l.addEventListener(\"DOMContentLoaded\",function(){for(var e,t,s=l.querySelectorAll(\"iframe.wp-embedded-content\"),r=0;r<s.length;r++)(t=(e=s[r]).getAttribute(\"data-secret\"))||(t=Math.random().toString(36).substring(2,12),e.src+=\"#?secret=\"+t,e.setAttribute(\"data-secret\",t)),e.contentWindow.postMessage({message:\"ready\",secret:t},\"*\")},!1)))}(window,document);\n\/\/# sourceURL=https:\/\/blogg.svenskakyrkan.se\/vandravagen\/wp-includes\/js\/wp-embed.min.js\n\/* ]]> *\/\n<\/script>\n","thumbnail_url":"https:\/\/blogg.svenskakyrkan.se\/vandravagen\/files\/2021\/02\/IMG_7852.jpg","thumbnail_width":1280,"thumbnail_height":953,"description":"Glad s\u00f6ndag, k\u00e4ra l\u00e4sare! Idag \u00e4r det fastlagss\u00f6ndagen och det betyder p\u00e5 m\u00e5nga h\u00e5ll att man r\u00e4knar det som att fastan b\u00f6rja (annars \u00e4r det p\u00e5 onsdag som det \u00e4r 40 dagar till p\u00e5sk). Jag ska fira dagen med att vara med p\u00e5 vandringgudstj\u00e4nst d\u00e4r min fru predikar uppe i Redv\u00e4gs f\u00f6rsamling. Det l\u00e5ter som [&hellip;]"}