{"version":"1.0","provider_name":"Vandra V\u00e4gen","provider_url":"https:\/\/blogg.svenskakyrkan.se\/vandravagen","author_name":"Tomas Jarvid","author_url":"https:\/\/blogg.svenskakyrkan.se\/vandravagen\/author\/vandravagen\/","title":"Vad kom Jesus f\u00f6r att r\u00e4dda fr\u00e5n? - Vandra V\u00e4gen","type":"rich","width":600,"height":338,"html":"<blockquote class=\"wp-embedded-content\" data-secret=\"WiNxsiZYBZ\"><a href=\"https:\/\/blogg.svenskakyrkan.se\/vandravagen\/2021\/02\/20\/vad-kom-jesus-for-att-radda-fran\/\">Vad kom Jesus f\u00f6r att r\u00e4dda fr\u00e5n?<\/a><\/blockquote><iframe sandbox=\"allow-scripts\" security=\"restricted\" src=\"https:\/\/blogg.svenskakyrkan.se\/vandravagen\/2021\/02\/20\/vad-kom-jesus-for-att-radda-fran\/embed\/#?secret=WiNxsiZYBZ\" width=\"600\" height=\"338\" title=\"\u201dVad kom Jesus f\u00f6r att r\u00e4dda fr\u00e5n?\u201d &ndash; Vandra V\u00e4gen\" data-secret=\"WiNxsiZYBZ\" frameborder=\"0\" marginwidth=\"0\" marginheight=\"0\" scrolling=\"no\" class=\"wp-embedded-content\"><\/iframe><script type=\"text\/javascript\">\n\/* <![CDATA[ *\/\n\/*! This file is auto-generated *\/\n!function(d,l){\"use strict\";l.querySelector&&d.addEventListener&&\"undefined\"!=typeof URL&&(d.wp=d.wp||{},d.wp.receiveEmbedMessage||(d.wp.receiveEmbedMessage=function(e){var t=e.data;if((t||t.secret||t.message||t.value)&&!\/[^a-zA-Z0-9]\/.test(t.secret)){for(var s,r,n,a=l.querySelectorAll('iframe[data-secret=\"'+t.secret+'\"]'),o=l.querySelectorAll('blockquote[data-secret=\"'+t.secret+'\"]'),c=new RegExp(\"^https?:$\",\"i\"),i=0;i<o.length;i++)o[i].style.display=\"none\";for(i=0;i<a.length;i++)s=a[i],e.source===s.contentWindow&&(s.removeAttribute(\"style\"),\"height\"===t.message?(1e3<(r=parseInt(t.value,10))?r=1e3:~~r<200&&(r=200),s.height=r):\"link\"===t.message&&(r=new URL(s.getAttribute(\"src\")),n=new URL(t.value),c.test(n.protocol))&&n.host===r.host&&l.activeElement===s&&(d.top.location.href=t.value))}},d.addEventListener(\"message\",d.wp.receiveEmbedMessage,!1),l.addEventListener(\"DOMContentLoaded\",function(){for(var e,t,s=l.querySelectorAll(\"iframe.wp-embedded-content\"),r=0;r<s.length;r++)(t=(e=s[r]).getAttribute(\"data-secret\"))||(t=Math.random().toString(36).substring(2,12),e.src+=\"#?secret=\"+t,e.setAttribute(\"data-secret\",t)),e.contentWindow.postMessage({message:\"ready\",secret:t},\"*\")},!1)))}(window,document);\n\/\/# sourceURL=https:\/\/blogg.svenskakyrkan.se\/vandravagen\/wp-includes\/js\/wp-embed.min.js\n\/* ]]> *\/\n<\/script>\n","thumbnail_url":"https:\/\/blogg.svenskakyrkan.se\/vandravagen\/files\/2021\/02\/IMG_6698.png","thumbnail_width":623,"thumbnail_height":753,"description":"Jag har bloggat en del i julas om Jesus i sitt mellan\u00f6sterliga sammanhang (stort tack \u00e4ven denna g\u00e5ng till &#8221;Jesus throught middle eastern eyes&#8221;). Jag har en till sak d\u00e4r som g\u00e5r in i s\u00e5dant jag t\u00e4nkt p\u00e5 l\u00e4nge. Fr\u00e5gan \u00e4r, vad \u00e4r det f\u00f6r fr\u00e4lsning Jesus kommer med egentligen? Vem vill Jesus fr\u00e4lsa? Jesus [&hellip;]"}