{"version":"1.0","provider_name":"Vandra V\u00e4gen","provider_url":"https:\/\/blogg.svenskakyrkan.se\/vandravagen","author_name":"Tomas Jarvid","author_url":"https:\/\/blogg.svenskakyrkan.se\/vandravagen\/author\/vandravagen\/","title":"8 blandade tankar p\u00e5 tisdagen! - Vandra V\u00e4gen","type":"rich","width":600,"height":338,"html":"<blockquote class=\"wp-embedded-content\" data-secret=\"prrHgWtOB8\"><a href=\"https:\/\/blogg.svenskakyrkan.se\/vandravagen\/2021\/07\/06\/8-blandade-tankar-pa-tisdagen\/\">8 blandade tankar p\u00e5 tisdagen!<\/a><\/blockquote><iframe sandbox=\"allow-scripts\" security=\"restricted\" src=\"https:\/\/blogg.svenskakyrkan.se\/vandravagen\/2021\/07\/06\/8-blandade-tankar-pa-tisdagen\/embed\/#?secret=prrHgWtOB8\" width=\"600\" height=\"338\" title=\"\u201d8 blandade tankar p\u00e5 tisdagen!\u201d &ndash; Vandra V\u00e4gen\" data-secret=\"prrHgWtOB8\" frameborder=\"0\" marginwidth=\"0\" marginheight=\"0\" scrolling=\"no\" class=\"wp-embedded-content\"><\/iframe><script type=\"text\/javascript\">\n\/* <![CDATA[ *\/\n\/*! This file is auto-generated *\/\n!function(d,l){\"use strict\";l.querySelector&&d.addEventListener&&\"undefined\"!=typeof URL&&(d.wp=d.wp||{},d.wp.receiveEmbedMessage||(d.wp.receiveEmbedMessage=function(e){var t=e.data;if((t||t.secret||t.message||t.value)&&!\/[^a-zA-Z0-9]\/.test(t.secret)){for(var s,r,n,a=l.querySelectorAll('iframe[data-secret=\"'+t.secret+'\"]'),o=l.querySelectorAll('blockquote[data-secret=\"'+t.secret+'\"]'),c=new RegExp(\"^https?:$\",\"i\"),i=0;i<o.length;i++)o[i].style.display=\"none\";for(i=0;i<a.length;i++)s=a[i],e.source===s.contentWindow&&(s.removeAttribute(\"style\"),\"height\"===t.message?(1e3<(r=parseInt(t.value,10))?r=1e3:~~r<200&&(r=200),s.height=r):\"link\"===t.message&&(r=new URL(s.getAttribute(\"src\")),n=new URL(t.value),c.test(n.protocol))&&n.host===r.host&&l.activeElement===s&&(d.top.location.href=t.value))}},d.addEventListener(\"message\",d.wp.receiveEmbedMessage,!1),l.addEventListener(\"DOMContentLoaded\",function(){for(var e,t,s=l.querySelectorAll(\"iframe.wp-embedded-content\"),r=0;r<s.length;r++)(t=(e=s[r]).getAttribute(\"data-secret\"))||(t=Math.random().toString(36).substring(2,12),e.src+=\"#?secret=\"+t,e.setAttribute(\"data-secret\",t)),e.contentWindow.postMessage({message:\"ready\",secret:t},\"*\")},!1)))}(window,document);\n\/\/# sourceURL=https:\/\/blogg.svenskakyrkan.se\/vandravagen\/wp-includes\/js\/wp-embed.min.js\n\/* ]]> *\/\n<\/script>\n","thumbnail_url":"https:\/\/blogg.svenskakyrkan.se\/vandravagen\/files\/2021\/07\/IMG_8898.jpg","thumbnail_width":1280,"thumbnail_height":960,"description":"Glad tisdag k\u00e4ra l\u00e4sare! Det har blivit ett brott med vanorna h\u00e4r och utebliven s\u00f6ndagsbloggpost. N\u00e5gon g\u00e5ng men v\u00e4ldigt s\u00e4llan \u00e4r jag och min fru iv\u00e4g p\u00e5 egen hand, denna g\u00e5ng med minstingen, och d\u00e5 f\u00e5r man sl\u00e4ppa lite p\u00e5 rutinerna. Vi har \u00e5terbes\u00f6kt v\u00e5ra gamla trakter. Sv\u00e4ngt f\u00f6rbi T\u00f6reboda, varit i G\u00f6tene och p\u00e5 [&hellip;]"}