{"version":"1.0","provider_name":"Vandra V\u00e4gen","provider_url":"https:\/\/blogg.svenskakyrkan.se\/vandravagen","author_name":"Tomas Jarvid","author_url":"https:\/\/blogg.svenskakyrkan.se\/vandravagen\/author\/vandravagen\/","title":"9 blandade tankar p\u00e5 m\u00e5ndagen - Vandra V\u00e4gen","type":"rich","width":600,"height":338,"html":"<blockquote class=\"wp-embedded-content\" data-secret=\"lxyRkGBMFl\"><a href=\"https:\/\/blogg.svenskakyrkan.se\/vandravagen\/2021\/07\/12\/9-blandade-tankar-pa-mandagen-9\/\">9 blandade tankar p\u00e5 m\u00e5ndagen<\/a><\/blockquote><iframe sandbox=\"allow-scripts\" security=\"restricted\" src=\"https:\/\/blogg.svenskakyrkan.se\/vandravagen\/2021\/07\/12\/9-blandade-tankar-pa-mandagen-9\/embed\/#?secret=lxyRkGBMFl\" width=\"600\" height=\"338\" title=\"\u201d9 blandade tankar p\u00e5 m\u00e5ndagen\u201d &ndash; Vandra V\u00e4gen\" data-secret=\"lxyRkGBMFl\" frameborder=\"0\" marginwidth=\"0\" marginheight=\"0\" scrolling=\"no\" class=\"wp-embedded-content\"><\/iframe><script type=\"text\/javascript\">\n\/* <![CDATA[ *\/\n\/*! This file is auto-generated *\/\n!function(d,l){\"use strict\";l.querySelector&&d.addEventListener&&\"undefined\"!=typeof URL&&(d.wp=d.wp||{},d.wp.receiveEmbedMessage||(d.wp.receiveEmbedMessage=function(e){var t=e.data;if((t||t.secret||t.message||t.value)&&!\/[^a-zA-Z0-9]\/.test(t.secret)){for(var s,r,n,a=l.querySelectorAll('iframe[data-secret=\"'+t.secret+'\"]'),o=l.querySelectorAll('blockquote[data-secret=\"'+t.secret+'\"]'),c=new RegExp(\"^https?:$\",\"i\"),i=0;i<o.length;i++)o[i].style.display=\"none\";for(i=0;i<a.length;i++)s=a[i],e.source===s.contentWindow&&(s.removeAttribute(\"style\"),\"height\"===t.message?(1e3<(r=parseInt(t.value,10))?r=1e3:~~r<200&&(r=200),s.height=r):\"link\"===t.message&&(r=new URL(s.getAttribute(\"src\")),n=new URL(t.value),c.test(n.protocol))&&n.host===r.host&&l.activeElement===s&&(d.top.location.href=t.value))}},d.addEventListener(\"message\",d.wp.receiveEmbedMessage,!1),l.addEventListener(\"DOMContentLoaded\",function(){for(var e,t,s=l.querySelectorAll(\"iframe.wp-embedded-content\"),r=0;r<s.length;r++)(t=(e=s[r]).getAttribute(\"data-secret\"))||(t=Math.random().toString(36).substring(2,12),e.src+=\"#?secret=\"+t,e.setAttribute(\"data-secret\",t)),e.contentWindow.postMessage({message:\"ready\",secret:t},\"*\")},!1)))}(window,document);\n\/\/# sourceURL=https:\/\/blogg.svenskakyrkan.se\/vandravagen\/wp-includes\/js\/wp-embed.min.js\n\/* ]]> *\/\n<\/script>\n","thumbnail_url":"https:\/\/blogg.svenskakyrkan.se\/vandravagen\/files\/2021\/07\/IMG_8997.jpg","thumbnail_width":1280,"thumbnail_height":960,"description":"Glad m\u00e5ndag k\u00e4ra l\u00e4sare! Jag har visst blivit alltmer veckovill och missat s\u00f6ndagstankarna igen. Ig\u00e5r var jag p\u00e5 friluftsgudstj\u00e4nst som min fru h\u00f6ll vid Kn\u00e4tte kullar en bit utanf\u00f6r stan. Mitt gudstj\u00e4nstfirande bestod mest i att str\u00f6va runt i n\u00e4rheten med lillen men det var \u00e5 andra sidan v\u00e4ldigt fint det. En av kullarna var [&hellip;]"}