{"version":"1.0","provider_name":"Vandra V\u00e4gen","provider_url":"https:\/\/blogg.svenskakyrkan.se\/vandravagen","author_name":"Tomas Jarvid","author_url":"https:\/\/blogg.svenskakyrkan.se\/vandravagen\/author\/vandravagen\/","title":"9 blandade tankar p\u00e5 m\u00e5ndagen - Vandra V\u00e4gen","type":"rich","width":600,"height":338,"html":"<blockquote class=\"wp-embedded-content\" data-secret=\"7wQTpComaO\"><a href=\"https:\/\/blogg.svenskakyrkan.se\/vandravagen\/2021\/07\/19\/9-blandade-tankar-pa-mandagen-10\/\">9 blandade tankar p\u00e5 m\u00e5ndagen<\/a><\/blockquote><iframe sandbox=\"allow-scripts\" security=\"restricted\" src=\"https:\/\/blogg.svenskakyrkan.se\/vandravagen\/2021\/07\/19\/9-blandade-tankar-pa-mandagen-10\/embed\/#?secret=7wQTpComaO\" width=\"600\" height=\"338\" title=\"\u201d9 blandade tankar p\u00e5 m\u00e5ndagen\u201d &ndash; Vandra V\u00e4gen\" data-secret=\"7wQTpComaO\" frameborder=\"0\" marginwidth=\"0\" marginheight=\"0\" scrolling=\"no\" class=\"wp-embedded-content\"><\/iframe><script type=\"text\/javascript\">\n\/* <![CDATA[ *\/\n\/*! This file is auto-generated *\/\n!function(d,l){\"use strict\";l.querySelector&&d.addEventListener&&\"undefined\"!=typeof URL&&(d.wp=d.wp||{},d.wp.receiveEmbedMessage||(d.wp.receiveEmbedMessage=function(e){var t=e.data;if((t||t.secret||t.message||t.value)&&!\/[^a-zA-Z0-9]\/.test(t.secret)){for(var s,r,n,a=l.querySelectorAll('iframe[data-secret=\"'+t.secret+'\"]'),o=l.querySelectorAll('blockquote[data-secret=\"'+t.secret+'\"]'),c=new RegExp(\"^https?:$\",\"i\"),i=0;i<o.length;i++)o[i].style.display=\"none\";for(i=0;i<a.length;i++)s=a[i],e.source===s.contentWindow&&(s.removeAttribute(\"style\"),\"height\"===t.message?(1e3<(r=parseInt(t.value,10))?r=1e3:~~r<200&&(r=200),s.height=r):\"link\"===t.message&&(r=new URL(s.getAttribute(\"src\")),n=new URL(t.value),c.test(n.protocol))&&n.host===r.host&&l.activeElement===s&&(d.top.location.href=t.value))}},d.addEventListener(\"message\",d.wp.receiveEmbedMessage,!1),l.addEventListener(\"DOMContentLoaded\",function(){for(var e,t,s=l.querySelectorAll(\"iframe.wp-embedded-content\"),r=0;r<s.length;r++)(t=(e=s[r]).getAttribute(\"data-secret\"))||(t=Math.random().toString(36).substring(2,12),e.src+=\"#?secret=\"+t,e.setAttribute(\"data-secret\",t)),e.contentWindow.postMessage({message:\"ready\",secret:t},\"*\")},!1)))}(window,document);\n\/\/# sourceURL=https:\/\/blogg.svenskakyrkan.se\/vandravagen\/wp-includes\/js\/wp-embed.min.js\n\/* ]]> *\/\n<\/script>\n","thumbnail_url":"https:\/\/blogg.svenskakyrkan.se\/vandravagen\/files\/2021\/07\/IMG_9044.jpg","thumbnail_width":960,"thumbnail_height":1280,"description":"Glad m\u00e5ndag k\u00e4ra l\u00e4sare! Veckodagsf\u00f6rvirringen forts\u00e4tter tydligen. Jag kom inte p\u00e5 f\u00f6rr\u00e4n f\u00f6r sent att jag inte bloggat f\u00f6r s\u00f6ndagen s\u00e5 nu f\u00e5r det bli s\u00e5 h\u00e4r igen. Ig\u00e5r (d\u00e5 det faktiskt var s\u00f6ndag och d\u00e4rtill kristi f\u00f6rklarings dag) var vi p\u00e5 friluftsgudstj\u00e4nst hela familjen p\u00e5 stora Stegerhult i Liared. Jag vandrade runt med lillen [&hellip;]"}