{"version":"1.0","provider_name":"Vandra V\u00e4gen","provider_url":"https:\/\/blogg.svenskakyrkan.se\/vandravagen","author_name":"Tomas Jarvid","author_url":"https:\/\/blogg.svenskakyrkan.se\/vandravagen\/author\/vandravagen\/","title":"10 blandade tankar p\u00e5 s\u00f6ndagen - Vandra V\u00e4gen","type":"rich","width":600,"height":338,"html":"<blockquote class=\"wp-embedded-content\" data-secret=\"KFQRAdxny5\"><a href=\"https:\/\/blogg.svenskakyrkan.se\/vandravagen\/2022\/06\/26\/10-blandade-tankar-pa-sondagen-71\/\">10 blandade tankar p\u00e5 s\u00f6ndagen<\/a><\/blockquote><iframe sandbox=\"allow-scripts\" security=\"restricted\" src=\"https:\/\/blogg.svenskakyrkan.se\/vandravagen\/2022\/06\/26\/10-blandade-tankar-pa-sondagen-71\/embed\/#?secret=KFQRAdxny5\" width=\"600\" height=\"338\" title=\"\u201d10 blandade tankar p\u00e5 s\u00f6ndagen\u201d &ndash; Vandra V\u00e4gen\" data-secret=\"KFQRAdxny5\" frameborder=\"0\" marginwidth=\"0\" marginheight=\"0\" scrolling=\"no\" class=\"wp-embedded-content\"><\/iframe><script type=\"text\/javascript\">\n\/* <![CDATA[ *\/\n\/*! This file is auto-generated *\/\n!function(d,l){\"use strict\";l.querySelector&&d.addEventListener&&\"undefined\"!=typeof URL&&(d.wp=d.wp||{},d.wp.receiveEmbedMessage||(d.wp.receiveEmbedMessage=function(e){var t=e.data;if((t||t.secret||t.message||t.value)&&!\/[^a-zA-Z0-9]\/.test(t.secret)){for(var s,r,n,a=l.querySelectorAll('iframe[data-secret=\"'+t.secret+'\"]'),o=l.querySelectorAll('blockquote[data-secret=\"'+t.secret+'\"]'),c=new RegExp(\"^https?:$\",\"i\"),i=0;i<o.length;i++)o[i].style.display=\"none\";for(i=0;i<a.length;i++)s=a[i],e.source===s.contentWindow&&(s.removeAttribute(\"style\"),\"height\"===t.message?(1e3<(r=parseInt(t.value,10))?r=1e3:~~r<200&&(r=200),s.height=r):\"link\"===t.message&&(r=new URL(s.getAttribute(\"src\")),n=new URL(t.value),c.test(n.protocol))&&n.host===r.host&&l.activeElement===s&&(d.top.location.href=t.value))}},d.addEventListener(\"message\",d.wp.receiveEmbedMessage,!1),l.addEventListener(\"DOMContentLoaded\",function(){for(var e,t,s=l.querySelectorAll(\"iframe.wp-embedded-content\"),r=0;r<s.length;r++)(t=(e=s[r]).getAttribute(\"data-secret\"))||(t=Math.random().toString(36).substring(2,12),e.src+=\"#?secret=\"+t,e.setAttribute(\"data-secret\",t)),e.contentWindow.postMessage({message:\"ready\",secret:t},\"*\")},!1)))}(window,document);\n\/\/# sourceURL=https:\/\/blogg.svenskakyrkan.se\/vandravagen\/wp-includes\/js\/wp-embed.min.js\n\/* ]]> *\/\n<\/script>\n","thumbnail_url":"https:\/\/blogg.svenskakyrkan.se\/vandravagen\/files\/2022\/06\/John_the_Baptist-Caravaggio_Galleria_Nazionale_dArte_Antica.jpg","thumbnail_width":1200,"thumbnail_height":867,"description":"Glad s\u00f6ndag k\u00e4ra l\u00e4sare! Idag \u00e4r det s\u00f6ndagen efter midsommar och Johannes d\u00f6parens dag. Jag ska inte predika idag eftersom jag gjorde det ig\u00e5r men jag ska faktiskt blogga snart om n\u00e5got nytt jag l\u00e4rt mig om Johannes d\u00f6paren. Man firar Johannes nu f\u00f6r att han ska ha f\u00f6tts lite f\u00f6re Jesus. Jag \u00e4r lite [&hellip;]"}