{"version":"1.0","provider_name":"Vandra V\u00e4gen","provider_url":"https:\/\/blogg.svenskakyrkan.se\/vandravagen","author_name":"Tomas Jarvid","author_url":"https:\/\/blogg.svenskakyrkan.se\/vandravagen\/author\/vandravagen\/","title":"9 blandade tankar p\u00e5 s\u00f6ndagen - Vandra V\u00e4gen","type":"rich","width":600,"height":338,"html":"<blockquote class=\"wp-embedded-content\" data-secret=\"J3eOVGN2ya\"><a href=\"https:\/\/blogg.svenskakyrkan.se\/vandravagen\/2022\/10\/02\/9-blandade-tankar-pa-sondagen-138\/\">9 blandade tankar p\u00e5 s\u00f6ndagen<\/a><\/blockquote><iframe sandbox=\"allow-scripts\" security=\"restricted\" src=\"https:\/\/blogg.svenskakyrkan.se\/vandravagen\/2022\/10\/02\/9-blandade-tankar-pa-sondagen-138\/embed\/#?secret=J3eOVGN2ya\" width=\"600\" height=\"338\" title=\"\u201d9 blandade tankar p\u00e5 s\u00f6ndagen\u201d &ndash; Vandra V\u00e4gen\" data-secret=\"J3eOVGN2ya\" frameborder=\"0\" marginwidth=\"0\" marginheight=\"0\" scrolling=\"no\" class=\"wp-embedded-content\"><\/iframe><script type=\"text\/javascript\">\n\/* <![CDATA[ *\/\n\/*! This file is auto-generated *\/\n!function(d,l){\"use strict\";l.querySelector&&d.addEventListener&&\"undefined\"!=typeof URL&&(d.wp=d.wp||{},d.wp.receiveEmbedMessage||(d.wp.receiveEmbedMessage=function(e){var t=e.data;if((t||t.secret||t.message||t.value)&&!\/[^a-zA-Z0-9]\/.test(t.secret)){for(var s,r,n,a=l.querySelectorAll('iframe[data-secret=\"'+t.secret+'\"]'),o=l.querySelectorAll('blockquote[data-secret=\"'+t.secret+'\"]'),c=new RegExp(\"^https?:$\",\"i\"),i=0;i<o.length;i++)o[i].style.display=\"none\";for(i=0;i<a.length;i++)s=a[i],e.source===s.contentWindow&&(s.removeAttribute(\"style\"),\"height\"===t.message?(1e3<(r=parseInt(t.value,10))?r=1e3:~~r<200&&(r=200),s.height=r):\"link\"===t.message&&(r=new URL(s.getAttribute(\"src\")),n=new URL(t.value),c.test(n.protocol))&&n.host===r.host&&l.activeElement===s&&(d.top.location.href=t.value))}},d.addEventListener(\"message\",d.wp.receiveEmbedMessage,!1),l.addEventListener(\"DOMContentLoaded\",function(){for(var e,t,s=l.querySelectorAll(\"iframe.wp-embedded-content\"),r=0;r<s.length;r++)(t=(e=s[r]).getAttribute(\"data-secret\"))||(t=Math.random().toString(36).substring(2,12),e.src+=\"#?secret=\"+t,e.setAttribute(\"data-secret\",t)),e.contentWindow.postMessage({message:\"ready\",secret:t},\"*\")},!1)))}(window,document);\n\/\/# sourceURL=https:\/\/blogg.svenskakyrkan.se\/vandravagen\/wp-includes\/js\/wp-embed.min.js\n\/* ]]> *\/\n<\/script>\n","thumbnail_url":"https:\/\/blogg.svenskakyrkan.se\/vandravagen\/files\/2022\/10\/IMG_8259.jpg","thumbnail_width":604,"thumbnail_height":470,"description":"Glad s\u00f6ndag k\u00e4ra l\u00e4sare! Idag p\u00e5 &#8221;helige Mikaels dag&#8221; \u00e4r det &#8221;\u00c5sundengudstj\u00e4nst&#8221; i G\u00e4llstad och s\u00f6dra S\u00e4ms kyrka klockan 11. Jag ska leda gudstj\u00e4nsten och predika och s\u00e5 \u00e4r det s\u00f6ndagsskola och kyrklunch. V\u00e4ldigt trevliga och fina gudstj\u00e4nster \u00e4r det s\u00e5 v\u00e4lkommen dit. Min Autocorrect f\u00f6rs\u00f6ker hela tiden \u00e4ndra S\u00f6dra S\u00e4m till S\u00f6dra S\u00e4mst. G\u00e4ller [&hellip;]"}