{"version":"1.0","provider_name":"Vandra V\u00e4gen","provider_url":"https:\/\/blogg.svenskakyrkan.se\/vandravagen","author_name":"Tomas Jarvid","author_url":"https:\/\/blogg.svenskakyrkan.se\/vandravagen\/author\/vandravagen\/","title":"Gemenskapen som trasig v\u00e4gskylt till Gud - Vandra V\u00e4gen","type":"rich","width":600,"height":338,"html":"<blockquote class=\"wp-embedded-content\" data-secret=\"9gMFSxqD06\"><a href=\"https:\/\/blogg.svenskakyrkan.se\/vandravagen\/2022\/10\/31\/gemenskapen-som-trasig-vagskylt-till-gud\/\">Gemenskapen som trasig v\u00e4gskylt till Gud<\/a><\/blockquote><iframe sandbox=\"allow-scripts\" security=\"restricted\" src=\"https:\/\/blogg.svenskakyrkan.se\/vandravagen\/2022\/10\/31\/gemenskapen-som-trasig-vagskylt-till-gud\/embed\/#?secret=9gMFSxqD06\" width=\"600\" height=\"338\" title=\"\u201dGemenskapen som trasig v\u00e4gskylt till Gud\u201d &ndash; Vandra V\u00e4gen\" data-secret=\"9gMFSxqD06\" frameborder=\"0\" marginwidth=\"0\" marginheight=\"0\" scrolling=\"no\" class=\"wp-embedded-content\"><\/iframe><script type=\"text\/javascript\">\n\/* <![CDATA[ *\/\n\/*! This file is auto-generated *\/\n!function(d,l){\"use strict\";l.querySelector&&d.addEventListener&&\"undefined\"!=typeof URL&&(d.wp=d.wp||{},d.wp.receiveEmbedMessage||(d.wp.receiveEmbedMessage=function(e){var t=e.data;if((t||t.secret||t.message||t.value)&&!\/[^a-zA-Z0-9]\/.test(t.secret)){for(var s,r,n,a=l.querySelectorAll('iframe[data-secret=\"'+t.secret+'\"]'),o=l.querySelectorAll('blockquote[data-secret=\"'+t.secret+'\"]'),c=new RegExp(\"^https?:$\",\"i\"),i=0;i<o.length;i++)o[i].style.display=\"none\";for(i=0;i<a.length;i++)s=a[i],e.source===s.contentWindow&&(s.removeAttribute(\"style\"),\"height\"===t.message?(1e3<(r=parseInt(t.value,10))?r=1e3:~~r<200&&(r=200),s.height=r):\"link\"===t.message&&(r=new URL(s.getAttribute(\"src\")),n=new URL(t.value),c.test(n.protocol))&&n.host===r.host&&l.activeElement===s&&(d.top.location.href=t.value))}},d.addEventListener(\"message\",d.wp.receiveEmbedMessage,!1),l.addEventListener(\"DOMContentLoaded\",function(){for(var e,t,s=l.querySelectorAll(\"iframe.wp-embedded-content\"),r=0;r<s.length;r++)(t=(e=s[r]).getAttribute(\"data-secret\"))||(t=Math.random().toString(36).substring(2,12),e.src+=\"#?secret=\"+t,e.setAttribute(\"data-secret\",t)),e.contentWindow.postMessage({message:\"ready\",secret:t},\"*\")},!1)))}(window,document);\n\/\/# sourceURL=https:\/\/blogg.svenskakyrkan.se\/vandravagen\/wp-includes\/js\/wp-embed.min.js\n\/* ]]> *\/\n<\/script>\n","thumbnail_url":"https:\/\/blogg.svenskakyrkan.se\/vandravagen\/files\/2022\/10\/IMG_1382.jpg","thumbnail_width":2016,"thumbnail_height":1512,"description":"H\u00e4r \u00e4r min predikan fr\u00e5n \u00e5sundengudstj\u00e4nsten i Tv\u00e4rred i s\u00f6ndags. Det var en sp\u00e4nnande predikan att h\u00e5lla d\u00e5 salen var stimmig av alla ritande barn och jag f\u00f6rs\u00f6kte hantera min egenkonstruerade rekvisita. Skylten p\u00e5 bilden ovan dyker allts\u00e5 upp igen p\u00e5 slutet i utvecklad form. Hoppas det h\u00e4r \u00e4r till gl\u00e4dje f\u00f6r dig. Gemenskap som [&hellip;]"}