{"version":"1.0","provider_name":"Vandra V\u00e4gen","provider_url":"https:\/\/blogg.svenskakyrkan.se\/vandravagen","author_name":"Tomas Jarvid","author_url":"https:\/\/blogg.svenskakyrkan.se\/vandravagen\/author\/vandravagen\/","title":"Ett f\u00f6rbund som best\u00e5r i att ta emot - Vandra V\u00e4gen","type":"rich","width":600,"height":338,"html":"<blockquote class=\"wp-embedded-content\" data-secret=\"VioWagQZAg\"><a href=\"https:\/\/blogg.svenskakyrkan.se\/vandravagen\/2023\/04\/07\/ett-forbund-som-bestar-i-att-ta-emot\/\">Ett f\u00f6rbund som best\u00e5r i att ta emot<\/a><\/blockquote><iframe sandbox=\"allow-scripts\" security=\"restricted\" src=\"https:\/\/blogg.svenskakyrkan.se\/vandravagen\/2023\/04\/07\/ett-forbund-som-bestar-i-att-ta-emot\/embed\/#?secret=VioWagQZAg\" width=\"600\" height=\"338\" title=\"\u201dEtt f\u00f6rbund som best\u00e5r i att ta emot\u201d &ndash; Vandra V\u00e4gen\" data-secret=\"VioWagQZAg\" frameborder=\"0\" marginwidth=\"0\" marginheight=\"0\" scrolling=\"no\" class=\"wp-embedded-content\"><\/iframe><script type=\"text\/javascript\">\n\/* <![CDATA[ *\/\n\/*! This file is auto-generated *\/\n!function(d,l){\"use strict\";l.querySelector&&d.addEventListener&&\"undefined\"!=typeof URL&&(d.wp=d.wp||{},d.wp.receiveEmbedMessage||(d.wp.receiveEmbedMessage=function(e){var t=e.data;if((t||t.secret||t.message||t.value)&&!\/[^a-zA-Z0-9]\/.test(t.secret)){for(var s,r,n,a=l.querySelectorAll('iframe[data-secret=\"'+t.secret+'\"]'),o=l.querySelectorAll('blockquote[data-secret=\"'+t.secret+'\"]'),c=new RegExp(\"^https?:$\",\"i\"),i=0;i<o.length;i++)o[i].style.display=\"none\";for(i=0;i<a.length;i++)s=a[i],e.source===s.contentWindow&&(s.removeAttribute(\"style\"),\"height\"===t.message?(1e3<(r=parseInt(t.value,10))?r=1e3:~~r<200&&(r=200),s.height=r):\"link\"===t.message&&(r=new URL(s.getAttribute(\"src\")),n=new URL(t.value),c.test(n.protocol))&&n.host===r.host&&l.activeElement===s&&(d.top.location.href=t.value))}},d.addEventListener(\"message\",d.wp.receiveEmbedMessage,!1),l.addEventListener(\"DOMContentLoaded\",function(){for(var e,t,s=l.querySelectorAll(\"iframe.wp-embedded-content\"),r=0;r<s.length;r++)(t=(e=s[r]).getAttribute(\"data-secret\"))||(t=Math.random().toString(36).substring(2,12),e.src+=\"#?secret=\"+t,e.setAttribute(\"data-secret\",t)),e.contentWindow.postMessage({message:\"ready\",secret:t},\"*\")},!1)))}(window,document);\n\/\/# sourceURL=https:\/\/blogg.svenskakyrkan.se\/vandravagen\/wp-includes\/js\/wp-embed.min.js\n\/* ]]> *\/\n<\/script>\n","thumbnail_url":"https:\/\/blogg.svenskakyrkan.se\/vandravagen\/files\/2023\/04\/IMG_2348.jpg","thumbnail_width":597,"thumbnail_height":801,"description":"H\u00e4r \u00e4r predikan jag h\u00f6ll p\u00e5 sk\u00e4rtorsdagen. Det var tv\u00e5 fina gudstj\u00e4nster med mycket fin medverkan av Gr\u00f6nah\u00f6gs kyrkok\u00f6r. Vi fick riktigt br\u00e5ttom och landade med andan i halsen p\u00e5 den andra gudstj\u00e4nsten men det blev riktigt fint d\u00e4r ocks\u00e5 n\u00e4r vi v\u00e4l sansat oss. Hoppas det h\u00e4r \u00e4r till gl\u00e4dje f\u00f6r dig som l\u00e4ser. [&hellip;]"}